{"id":177,"date":"2023-10-10T10:19:34","date_gmt":"2023-10-10T08:19:34","guid":{"rendered":"https:\/\/caroleseguin.fr\/?page_id=177"},"modified":"2025-03-01T14:55:56","modified_gmt":"2025-03-01T13:55:56","slug":"podcast-ma-chevelure-ma-puissance","status":"publish","type":"page","link":"https:\/\/caroleseguin.fr\/index.php\/podcast-ma-chevelure-ma-puissance\/","title":{"rendered":"Podcast Ma Chevelure. Ma Puissance"},"content":{"rendered":"<p style=\"text-align: center;\"><\/p>\n<h1><span style=\"font-family: helvetica, arial, sans-serif; color: #008000;\"><strong>#55 : Lib\u00e8re ta transformation capillaire : l&rsquo;exemple inspirant de J\u00e9r\u00e9my<\/strong><\/span><\/h1>\n<p data-pm-slice=\"1 1 []\"><span style=\"font-family: helvetica, arial, sans-serif;\">D\u00e9couvre l&rsquo;histoire inspirante de <strong>J\u00e9r\u00e9my<\/strong>, un homme qui a os\u00e9 d\u00e9fier les normes pour embrasser ses propres choix capillaires.<\/span><\/p>\n<p data-pm-slice=\"1 1 []\"><span style=\"font-family: helvetica, arial, sans-serif;\">Tu vas d\u00e9couvrir comment son exemple t&rsquo;invite \u00e0 embrasser tes \u00e9motions positives et \u00e0 r\u00e9inventer ta relation avec ta chevelure. Belle \u00e9coute \ud83d\ude09<\/span><\/p>\n<h1><span style=\"font-family: helvetica, arial, sans-serif; color: #008000;\"><strong>#54 : St\u00e9phanie : Oser briller apr\u00e8s 40 ans \u2013 Cheveux, confiance et pouvoir personnel<\/strong><\/span><\/h1>\n<p data-pm-slice=\"1 1 []\"><span style=\"font-family: helvetica, arial, sans-serif;\">Aujourd\u2019hui, je t\u2019invite \u00e0 une conversation inspirante avec St\u00e9phanie Pinault, une femme qui a transform\u00e9 son rapport \u00e0 elle-m\u00eame et appris \u00e0 rayonner avec confiance.<\/span><\/p>\n<p><span style=\"font-family: helvetica, arial, sans-serif;\"><strong>Dans cet \u00e9pisode, tu vas d\u00e9couvrir comment embrasser ton \u00e2ge, voir ta chevelure comme un symbole de puissance et reconnecter avec la femme lumineuse que tu es d\u00e9j\u00e0.<\/strong> Belle \u00e9coute \ud83d\ude09<\/span><\/p>\n<h1><span style=\"font-family: helvetica, arial, sans-serif; color: #008000;\"><strong>#53 : De la gal\u00e8re capillaire \u00e0 l\u2019\u00e9veil : Comment Priscilla a transform\u00e9 ses cheveux et sa vie.<\/strong><\/span><\/h1>\n<p data-pm-slice=\"1 1 []\"><span style=\"font-family: helvetica, arial, sans-serif;\">Et si tes probl\u00e8mes capillaires \u00e9taient bien plus qu\u2019un simple souci esth\u00e9tique ? D\u00e9couvre la seconde partie du voyage de Priscilla, une femme qui, en \u00e9coutant ses cheveux, a enclench\u00e9 une v\u00e9ritable transformation int\u00e9rieure.<\/span><\/p>\n<p><span style=\"font-family: helvetica, arial, sans-serif;\"><strong>Tu comprendras pourquoi ta chevelure est le reflet de ton \u00e9tat \u00e9motionnel et comment transformer tes routines capillaires en rituels de bien-\u00eatre.<\/strong> Belle \u00e9coute \ud83d\ude09<\/span><\/p>\n<h1><span style=\"font-family: helvetica, arial, sans-serif; color: #008000;\"><strong>#52\u00a0: De la contrainte \u00e0 la libert\u00e9 capillaire : Le voyage transformateur de Priscilla.<\/strong><\/span><\/h1>\n<p><span style=\"font-family: helvetica, arial, sans-serif;\">Je t\u2019emm\u00e8ne \u00e0 la rencontre de Priscilla, une femme qui a v\u00e9cu une v\u00e9ritable renaissance en renouant avec ses cheveux naturels.<\/span><\/p>\n<p><span style=\"font-family: helvetica, arial, sans-serif;\">Son parcours ne parle pas seulement de transition capillaire, mais d\u2019une <strong>lib\u00e9ration profonde<\/strong>, d\u2019une r\u00e9conciliation avec soi-m\u00eame et d\u2019une reconnexion \u00e0 son identit\u00e9. Belle \u00e9coute \ud83d\ude09<\/span><\/p>\n<h1><span style=\"font-family: helvetica, arial, sans-serif; color: #008000;\"><strong>#51 : De la frustration \u00e0 la libert\u00e9 : Ryan a transform\u00e9 ses cheveux et tu peux le faire aussi<\/strong><\/span><\/h1>\n<p data-pm-slice=\"1 1 []\"><span style=\"font-family: helvetica, arial, sans-serif;\"><strong>Dans cet \u00e9pisode, Ryan, une cliente de mon coaching capillaire et mindset, partage son incroyable transformation.<\/strong><\/span><\/p>\n<p><span style=\"font-family: helvetica, arial, sans-serif;\">Elle te raconte avec sinc\u00e9rit\u00e9 comment elle est pass\u00e9e de la frustration face \u00e0 ses cheveux rebelles \u00e0 une relation lib\u00e9r\u00e9e et confiante. En reprenant le contr\u00f4le, en s\u2019\u00e9coutant et en osant dire non aux diktats ext\u00e9rieurs, Ryan a appris \u00e0 embrasser sa v\u00e9ritable identit\u00e9 et \u00e0 vivre librement avec ses cheveux.<\/span><\/p>\n<p><span style=\"font-family: helvetica, arial, sans-serif;\">Aujourd\u2019hui, elle veut t\u2019encourager \u00e0 faire le premier pas vers la chevelure et la vie que tu m\u00e9rites. Belle \u00e9cout\u00e9 \ud83d\ude09<\/span><\/p>\n<h1><span style=\"font-family: helvetica, arial, sans-serif; color: #008000;\"><strong>#50 : Oc\u00e9ane : De la lutte \u00e0 la lib\u00e9ration, quand tes cheveux deviennent ton super pouvoir<\/strong><\/span><\/h1>\n<p data-pm-slice=\"1 1 []\"><span style=\"font-family: helvetica, arial, sans-serif;\">Dans cet \u00e9pisode inspirant, je re\u00e7ois Oc\u00e9ane, cr\u00e9atrice de contenu et activiste des cheveux naturels. Elle nous raconte son incroyable transformation : de ses propres luttes avec sa chevelure \u00e0 son engagement contre les diktats capillaires, jusqu\u2019\u00e0 cr\u00e9er un mouvement puissant pour l\u2019acceptation de soi et la repr\u00e9sentation positive.<\/span><\/p>\n<p data-pm-slice=\"1 1 []\"><span style=\"font-family: helvetica, arial, sans-serif;\"><strong>Tu d\u00e9couvriras des cl\u00e9s pratiques et des perspectives nouvelles pour t\u2019assumer, t\u2019aimer et te r\u00e9concilier avec ta chevelure<\/strong>, qu\u2019elle soit cr\u00e9pue, grisonnante ou unique \u00e0 sa mani\u00e8re. Belle \u00e9coute \ud83d\ude09<\/span><\/p>\n<h1><span style=\"font-family: helvetica, arial, sans-serif; color: #008000;\"><strong>#49 : Cheveux et \u00e9motions : la transformation \u00e9clatante d&rsquo;Anne<\/strong><\/span><\/h1>\n<p><span style=\"font-family: helvetica, arial, sans-serif;\">Et si retrouver des cheveux forts et \u00e9clatants passait d\u2019abord par une transformation int\u00e9rieure ? Dans cet \u00e9pisode, d\u00e9couvre l\u2019histoire d\u2019Anne Raulot-Lapointe, praticienne en r\u00e9gulation des \u00e9motions, qui a surmont\u00e9 des d\u00e9fis capillaires majeurs gr\u00e2ce \u00e0 une meilleure gestion de ses \u00e9motions.<\/span><\/p>\n<p><span style=\"font-family: helvetica, arial, sans-serif;\">Elle partage avec nous <strong>les cl\u00e9s pour lib\u00e9rer le stress et les \u00e9motions n\u00e9gatives, et ainsi favoriser une chevelure saine tout en renfor\u00e7ant l\u2019estime de soi<\/strong>. Belle \u00e9coute \ud83d\ude09<\/span><\/p>\n<h1><span style=\"font-family: helvetica, arial, sans-serif; color: #008000;\"><strong>#48 : Siham : Lib\u00e9rer ta Chevelure pour d\u00e9cupler ta Puissance pro et perso<\/strong>.<\/span><\/h1>\n<p><span style=\"font-family: helvetica, arial, sans-serif;\">Et si ta chevelure naturelle devenait ton meilleur alli\u00e9 dans ta vie pro et perso ?<\/span><\/p>\n<p><span style=\"font-family: helvetica, arial, sans-serif;\">Dans cet \u00e9pisode, j\u2019ai l\u2019immense plaisir de recevoir Siham Nait-Haddad, coach RH et co-fondatrice de Boostaufeminin. <strong>Siham nous partage son parcours inspirant, de la cr\u00e9ation de son entreprise \u00e0 la d\u00e9couverte d\u2019un levier inattendu mais puissant pour affirmer sa personnalit\u00e9 : ses cheveux naturels.<\/strong> Belle \u00e9coute \ud83d\ude09<\/span><\/p>\n<h1><span style=\"font-family: helvetica, arial, sans-serif; color: #008000;\"><strong>#47 : Comment briser les cha\u00eenes de l&rsquo;identit\u00e9 avec Catherine et t&rsquo;\u00e9panouir gr\u00e2ce \u00e0 ta chevelure<\/strong><\/span><\/h1>\n<p data-pm-slice=\"1 1 []\"><span style=\"font-family: helvetica, arial, sans-serif;\">Et si ta chevelure devenait le symbole d\u2019une v\u00e9ritable lib\u00e9ration ? Dans cet \u00e9pisode, on aborde un sujet fort et intime : <strong>le lien entre nos cheveux et les injonctions soci\u00e9tales qui p\u00e8sent sur nos \u00e9paules.<\/strong><\/span><\/p>\n<p><span style=\"font-family: helvetica, arial, sans-serif;\">Avec l\u2019aide de Catherine Bombardier, coach en d\u00e9veloppement personnel et cr\u00e9atrice de l&rsquo;acad\u00e9mie <em>\u00ab\u00a0Love Toi\u00a0\u00bb<\/em>, on explore comment se d\u00e9faire des diktats et retrouver une relation plus authentique avec soi-m\u00eame. Belle \u00e9coute \ud83d\ude09<\/span><\/p>\n<h1><span style=\"font-family: helvetica, arial, sans-serif;\"><strong><span style=\"color: #008000;\">#46\u00a0: Si ta vie capillaire \u00e9tait une s\u00e9rie Netflix<\/span> <\/strong><\/span><\/h1>\n<p><span style=\"font-family: helvetica, arial, sans-serif;\">\u00c9coute cet \u00e9pisode pour d\u00e9couvrir comment transformer ton rapport \u00e0 tes cheveux et, par extension, \u00e0 toi-m\u00eame. <strong>Si tu veux te reconnecter \u00e0 ta chevelure et r\u00e9v\u00e9ler ton v\u00e9ritable potentiel, cet \u00e9pisode est fait pour toi.<\/strong><\/span><\/p>\n<p><span style=\"font-family: helvetica, arial, sans-serif;\">Tu n\u2019imagines m\u00eame pas \u00e0 quel point cette aventure capillaire pourrait te faire rayonner dans toute ta vie. Belle \u00e9coute \ud83d\ude09<\/span><\/p>\n<h1><span style=\"font-family: helvetica, arial, sans-serif; color: #008000;\"><strong>#45\u00a0: Delphine : Quand Accepter ses Cheveux Gris Devient une Puissante Transformation Int\u00e9rieure<\/strong><\/span><\/h1>\n<p><span style=\"font-family: helvetica, arial, sans-serif;\">Dans cet \u00e9pisode, je te pr\u00e9sente Delphine, une femme qui a os\u00e9 briser les codes en acceptant sa chevelure grise, malgr\u00e9 les regards et les jugements.<\/span><\/p>\n<p><span style=\"font-family: helvetica, arial, sans-serif;\">Cette d\u00e9cision, loin d\u2019\u00eatre anodine, a d\u00e9clench\u00e9 une profonde transformation dans sa vie. <strong>Gr\u00e2ce \u00e0 cette transition, Delphine a non seulement sublim\u00e9 son apparence, mais elle a aussi transform\u00e9 son bien-\u00eatre int\u00e9rieur<\/strong>. Belle \u00e9coute \ud83d\ude09<\/span><\/p>\n<h1><strong><span style=\"font-family: helvetica, arial, sans-serif; color: #008000;\">#44 : Chevelure de Reine : comment Eva t&rsquo;inspire \u00e0 sublimer tes Cheveux et r\u00e9ussir<\/span><\/strong><\/h1>\n<p data-pm-slice=\"1 1 []\"><span style=\"font-family: helvetica, arial, sans-serif;\">Tu vas d\u00e9couvrir comment un \u00e9chec cuisant a permis \u00e0 \u00c9vashair de devenir une entreprise florissante. Dans cet \u00e9pisode, on continue <strong>avec l&rsquo;histoire captivante d&rsquo;Eva Biassou, une femme extraordinaire qui a su transformer chaque obstacle en une opportunit\u00e9 de succ\u00e8s.<\/strong><\/span><\/p>\n<p data-pm-slice=\"1 1 []\"><span style=\"font-family: helvetica, arial, sans-serif;\">Pr\u00e9pare-toi \u00e0 \u00eatre \u00e9mue, motiv\u00e9e, et surtout \u00e0 voir tes cheveux comme jamais auparavant. Cette histoire va te toucher en plein c\u0153ur et te donner l&rsquo;envie de r\u00e9v\u00e9ler la reine qui sommeille en toi. Belle \u00e9coute \ud83d\ude09<\/span><\/p>\n<h1><span style=\"font-family: helvetica, arial, sans-serif; color: #008000;\"><strong>#43 : R\u00e9v\u00e8le ton Tr\u00e9sor Cach\u00e9 et Sublime la Beaut\u00e9 de tes Cheveux avec Eva<\/strong><\/span><\/h1>\n<p data-pm-slice=\"1 1 []\"><span style=\"font-family: helvetica, arial, sans-serif;\">Dans cet \u00e9pisode intime et inspirant, je t\u2019entraine dans l&rsquo;univers d&rsquo;Eva Biassou, cofondatrice d&rsquo;Evashair. Eva, une femme incroyablement passionn\u00e9e, te d\u00e9voile le tr\u00e9sor cach\u00e9 qui a transform\u00e9 sa vie capillaire.<\/span><\/p>\n<p><span style=\"font-family: helvetica, arial, sans-serif;\">Eva partage avec nous <strong>ses d\u00e9fis, ses \u00e9motions et les r\u00e9v\u00e9lations pr\u00e9cieuses qui t&rsquo;aideront \u00e0 sublimer tes cheveux<\/strong> d\u00e8s ton prochain washday. Belle \u00e9coute \ud83d\ude09<\/span><\/p>\n<h1><span style=\"font-family: helvetica, arial, sans-serif; color: #008000;\"><strong>#42\u00a0: De la Com \u00e0 la Sc\u00e8ne : comment Marie-Claude a lib\u00e9r\u00e9 la Puissance de sa Chevelure<\/strong><\/span><\/h1>\n<p><span style=\"font-family: helvetica, arial, sans-serif;\"><strong>Tu te demandes comment allier r\u00e9ussite professionnelle et acceptation de soi au naturel, tout en sublimant tes cheveux<\/strong> ? Cet \u00e9pisode est fait pour toi !<\/span><\/p>\n<p><span style=\"font-family: helvetica, arial, sans-serif;\">Rejoins-moi pour une conversation inspirante avec Marie-Claude Bottius, une artiste lyrique exceptionnelle qui a transform\u00e9 ses d\u00e9fis capillaires en v\u00e9ritables atouts. D\u00e9couvre son parcours incroyable, de pro de la communication \u00e0 chanteuse lyrique, et comment elle a appris \u00e0 embrasser et sublimer ses cheveux naturels. Belle \u00e9coute \ud83d\ude09<\/span><\/p>\n<h1><span style=\"font-family: helvetica, arial, sans-serif; color: #008000;\"><strong>#41\u00a0: Estime de soi au naturel : Comment Rachel a vaincu les diktats et trouv\u00e9 l&rsquo;amour de soi.<\/strong><\/span><\/h1>\n<p><span style=\"font-family: helvetica, arial, sans-serif;\"><strong>Es-tu pr\u00eate \u00e0 te lib\u00e9rer des diktats de la beaut\u00e9 et \u00e0 enfin t&rsquo;aimer telle que tu es ? <\/strong><\/span><span style=\"font-family: helvetica, arial, sans-serif;\">Plonge avec moi au c\u0153ur du lien intime entre estime de soi et cheveux au naturel dans cet \u00e9pisode puissant et inspirant. <\/span><\/p>\n<p><span style=\"font-family: helvetica, arial, sans-serif;\">Rencontre Rachel Kwarteng, la r\u00e9alisatrice du poignant documentaire \u00ab\u00a0Cheveux afro\u00a0\u00bb, et d\u00e9couvre son parcours inspirant vers l&rsquo;acceptation de soi. Belle \u00e9coute \ud83d\ude09<\/span><\/p>\n<h1><span style=\"font-family: helvetica, arial, sans-serif; color: #008000;\"><strong>#40\u00a0: Fais du papa de ta fille un Super-Papa des coiffures !<\/strong><\/span><\/h1>\n<p><span style=\"font-family: helvetica, arial, sans-serif;\">Marre d&rsquo;\u00eatre la seule \u00e0 coiffer ta fille ? Imagine si ton mari ou le papa de ta fille devenait un pro des tresses et des chignons ?!<\/span><\/p>\n<p><span style=\"font-family: helvetica, arial, sans-serif;\"><strong>Dans cet \u00e9pisode r\u00e9volutionnaire, d\u00e9couvre comment les papas peuvent s&rsquo;impliquer dans l&rsquo;\u00e9ducation capillaire de leurs filles et cr\u00e9er des liens p\u00e8re-fille inoubliables !<\/strong> Belle \u00e9coute \ud83d\ude09<\/span><\/p>\n<h1><strong><span style=\"font-family: helvetica, arial, sans-serif; color: #008000;\">#39 : Cheveux ternes : transforme-les en source de bien-\u00eatre avec Marie-France<\/span><\/strong><\/h1>\n<p data-pm-slice=\"1 1 []\"><span style=\"font-family: helvetica, arial, sans-serif;\">D\u00e9couvre le pouvoir cach\u00e9 de tes cheveux et apprends \u00e0 les transformer en une source de bien-\u00eatre avec Marie-France Pichet, coiffeuse \u00e9nerg\u00e9ticienne au parcours extraordinaire.<\/span><\/p>\n<p data-pm-slice=\"1 1 []\"><span style=\"font-family: helvetica, arial, sans-serif;\">Dans cet \u00e9pisode, tu d\u00e9couvriras comment <strong>comprendre les messages cach\u00e9s de tes cheveux. L<\/strong><strong>e lien entre tes \u00e9motions et leur sant\u00e9. <\/strong><strong>Des techniques naturelles pour booster ton bien-\u00eatre et retrouver une chevelure saine et \u00e9clatante<\/strong>. Belle \u00e9coute \ud83d\ude09<\/span><\/p>\n<h1><strong><span style=\"font-family: helvetica, arial, sans-serif; color: #008000;\">#38 : Sublime ta chevelure en un clin d\u2019\u0153il, m\u00eame avec un quotidien charg\u00e9<\/span><\/strong><\/h1>\n<p data-pm-slice=\"1 1 []\"><span style=\"font-family: helvetica, arial, sans-serif;\">Tu r\u00eaves d\u2019avoir des cheveux resplendissants de sant\u00e9 et de vitalit\u00e9, mais tu manques cruellement de temps ? Cet \u00e9pisode est fait pour toi !<\/span><\/p>\n<p data-pm-slice=\"1 1 []\"><span style=\"font-family: helvetica, arial, sans-serif;\">En tant que coach capillaire passionn\u00e9e, je te d\u00e9voile <strong>mes secrets pour sublimer ta chevelure, m\u00eame avec un emploi du temps bien rempli<\/strong>. Belle \u00e9coute \ud83d\ude09<\/span><\/p>\n<h1><span style=\"font-family: helvetica, arial, sans-serif; color: #008000;\"><strong>#37 : Danielle a lib\u00e9r\u00e9 sa Chevelure Haute Puissance<\/strong><\/span><\/h1>\n<p data-pm-slice=\"1 1 []\"><span style=\"font-family: helvetica, arial, sans-serif;\">Danielle, \u00e9galement connue sous le nom artistique de Zenboudapy, a r\u00e9ussi \u00e0 d\u00e9bloquer une situation de vie vieille de plusieurs ann\u00e9es gr\u00e2ce \u00e0 un simple changement de coiffure. Incroyable non\u00a0?!<\/span><\/p>\n<p><span style=\"font-family: helvetica, arial, sans-serif;\">\u00c0 travers son t\u00e9moignage, tu comprendras<strong> l&rsquo;incroyable lien entre ta chevelure et tes aspirations profondes<\/strong>. Gr\u00e2ce au travail men\u00e9 ensemble, Danielle a r\u00e9ussi \u00e0 surmonter ses peurs et les obstacles li\u00e9s aux r\u00e9seaux sociaux notamment, et \u00e0 se connecter \u00e0 sa v\u00e9ritable identit\u00e9 artistique. Belle \u00e9coute \ud83d\ude09<\/span><\/p>\n<h1><span style=\"color: #008000; font-family: helvetica, arial, sans-serif;\"><strong>#36 : Aimons nos cheveux<\/strong><\/span><\/h1>\n<p><span style=\"font-family: helvetica, arial, sans-serif;\">Je me suis d\u00e9voil\u00e9e sur l\u2019\u00e9mission Les Muses de France TV, je veux te partager cette entrevue tout en douceur. Belle \u00e9coute \ud83d\ude09<\/span><\/p>\n<h1 data-pm-slice=\"1 1 []\"><span style=\"color: #008000; font-family: helvetica, arial, sans-serif;\"><strong>#35 : Les Boucles de Siham : Lib\u00e8re la Puissance de tes Cheveux<\/strong><\/span><\/h1>\n<p data-pm-slice=\"1 1 []\"><span style=\"font-family: helvetica, arial, sans-serif;\">Dans cet \u00e9pisode, embarque pour un voyage captivant \u00e0 la d\u00e9couverte de l&rsquo;histoire inspirante de Siham NAIT-HADDAD, une experte en reconversion professionnelle et co-fondatrice de Boost au F\u00e9minin.<\/span><\/p>\n<p data-pm-slice=\"1 1 []\"><span style=\"font-family: helvetica, arial, sans-serif;\">Rejoins-nous pour d\u00e9couvrir <strong>comment lib\u00e9rer ta puissance capillaire et embrasser pleinement ton authenticit\u00e9<\/strong>. Belle \u00e9coute \ud83d\ude09<\/span><\/p>\n<h1><span style=\"color: #008000; font-family: helvetica, arial, sans-serif;\"><strong>#34\u00a0: Chevelure &amp; Fitness : Lib\u00e8re ta Puissance int\u00e9rieure avec \u00e9l\u00e9gance et style<\/strong><\/span><\/h1>\n<p><span style=\"font-family: helvetica, arial, sans-serif;\">Dans cet \u00e9pisode, tu verras que le sport devient bien plus qu&rsquo;un simple exercice physique. <\/span><span style=\"font-family: helvetica, arial, sans-serif;\">D\u00e9couvre comment <strong>ta chevelure, sublim\u00e9e avec des soins naturels, fusionne avec la pratique du fitness pour r\u00e9v\u00e9ler avec style ta v\u00e9ritable puissance int\u00e9rieure<\/strong>. <\/span><\/p>\n<p><span style=\"font-family: helvetica, arial, sans-serif;\">Pr\u00e9pare-toi \u00e0 \u00eatre inspir\u00e9e, motiv\u00e9e et totalement s\u00e9duite par les conseils, les astuces et les histoires inspirantes de ma super invit\u00e9e Jessica Pratt, co-fondatrice de la soci\u00e9t\u00e9 de fitness en ligne : les shap\u00e9es. Belle \u00e9coute \ud83d\ude09<\/span><\/p>\n<h1><span style=\"font-family: helvetica, arial, sans-serif; color: #008000;\"><strong>#33 : Affirmation de soi avec Sarrah : Ose \u00eatre toi, m\u00eame avec tes cheveux naturels<\/strong><\/span><\/h1>\n<p data-pm-slice=\"1 1 []\"><span style=\"font-family: helvetica, arial, sans-serif;\">D\u00e9couvre comment Sarrah a surmont\u00e9 ses doutes, embrass\u00e9 sa v\u00e9ritable essence et trouv\u00e9 la confiance en elle-m\u00eame, tout en laissant ses cheveux briller dans leur beaut\u00e9 naturelle. C\u2019est l\u2019\u00e9merveillement au naturel\u00a0!<\/span><\/p>\n<p data-pm-slice=\"1 1 []\"><span style=\"font-family: helvetica, arial, sans-serif;\">Tu sauras comment <strong>cette transformation a un impact positif sur ton leadership au naturel, dans ton m\u00e9tier et ta vie toute enti\u00e8re.<\/strong> Belle \u00e9coute \ud83d\ude09<\/span><\/p>\n<h1><span style=\"font-family: helvetica, arial, sans-serif; color: #008000;\">#32 : Errance capillaire : Le Chemin \u00e9pique de Sarrah vers la Beaut\u00e9 au naturel<\/span><\/h1>\n<p data-pm-slice=\"1 1 []\"><span style=\"font-family: helvetica, arial, sans-serif;\">Dans cet \u00e9pisode, d\u00e9couvre le parcours tumultueux de Sarrah, <strong>de son errance capillaire \u00e0 sa qu\u00eate de libert\u00e9 au naturel<\/strong>. <\/span><\/p>\n<p data-pm-slice=\"1 1 []\"><span style=\"font-family: helvetica, arial, sans-serif;\">Au fil de ses exp\u00e9riences, elle t&#8217;emm\u00e8ne dans un voyage \u00e9pique ponctu\u00e9 de d\u00e9couvertes, de d\u00e9fis et de r\u00e9v\u00e9lations. <\/span><span style=\"font-family: helvetica, arial, sans-serif;\">Pr\u00e9pare-toi \u00e0 \u00eatre inspir\u00e9e et transport\u00e9e par son r\u00e9cit transformateur. Belle \u00e9coute \ud83d\ude09<\/span><\/p>\n<h1><span style=\"font-family: helvetica, arial, sans-serif; color: #008000;\"><strong>#31\u00a0: Confiance en Soi\u00a0: Lib\u00e8re la v\u00e9ritable beaut\u00e9 de tes cheveux !<\/strong><\/span><\/h1>\n<p><span style=\"font-family: helvetica, arial, sans-serif;\">Dans cet \u00e9pisode, Vanessa Droz partage son parcours intime, d\u00e9voilant comment elle a transform\u00e9 son lien avec son corps malgr\u00e9 (ou gr\u00e2ce \u00e0) son handicap.<\/span><\/p>\n<p><span style=\"font-family: helvetica, arial, sans-serif;\"><strong>Explore avec nous la puissance des cheveux dans la construction de la confiance en soi<\/strong>. Des histoires inspirantes, des conseils concrets, et des prises de conscience t&rsquo;attendent. Belle \u00e9coute \ud83d\ude09<\/span><\/p>\n<h1><span style=\"color: #008000; font-family: helvetica, arial, sans-serif;\"><strong>#30 : Sublime ta chevelure. Eveille tes sens en 1 masque capillaire<\/strong><\/span><\/h1>\n<p data-pm-slice=\"1 3 []\"><span style=\"font-family: helvetica, arial, sans-serif;\">Aujourd\u2019hui, on va repulper ta Chevelure et ton Bien-\u00eatre en 1 claquement de doigt gr\u00e2ce \u00e0 un masque capillaire qui va \u00e9veiller tes 5 sens.<\/span><\/p>\n<p><span style=\"font-family: helvetica, arial, sans-serif;\"><strong>T\u00e9l\u00e9charge gratuitement ta recette de masque capillaire pour toutes les textures. Tes cheveux vont revivre. Et toi tu vas craquer pour sa texture gourmande et parfum\u00e9e\u00a0:<\/strong> <a href=\"https:\/\/bit.ly\/recettecapillaire\" target=\"_blank\" rel=\"noopener noreferrer nofollow\">clique ICI<\/a><\/span><\/p>\n<p data-pm-slice=\"1 1 []\"><span style=\"font-family: helvetica, arial, sans-serif;\">Appuie sur play et rejoins-moi ! Belle\u00a0 \u00e9coute\u00a0\ud83d\ude09<\/span><\/p>\n<h1><span style=\"font-family: helvetica, arial, sans-serif; color: #008000;\"><strong>#29\u00a0: Fran\u00e7oise t\u00e9moigne : Transforme ta relation avec tes Cheveux d\u00e8s aujourd&rsquo;hui !<\/strong><\/span><\/h1>\n<p><span style=\"font-family: helvetica, arial, sans-serif;\">Qui aurait cru que nos cheveux pouvaient avoir un impact si profond sur notre qualit\u00e9 de vie ? <strong>Dans cet \u00e9pisode, plongeons ensemble dans le r\u00e9cit authentique de Fran\u00e7oise, qui a d\u00e9cid\u00e9 de dire STOP \u00e0 une relation insatisfaisante avec ses cheveux.<\/strong><\/span><\/p>\n<p><span style=\"font-family: helvetica, arial, sans-serif;\">D\u00e9couvre comment elle a trouv\u00e9 le courage de changer, de dire adieu aux colorations chimiques, et de r\u00e9v\u00e9ler sa v\u00e9ritable beaut\u00e9 naturelle. Belle \u00e9coute \ud83d\ude09<\/span><\/p>\n<h1><span style=\"font-family: helvetica, arial, sans-serif; color: #008000;\"><strong>#28\u00a0: Podcast 1 an\u00a0apr\u00e8s : R\u00e9v\u00e9lations 2023 et Manifeste Puissant pour 2024<\/strong><\/span><\/h1>\n<p><span style=\"font-family: helvetica, arial, sans-serif;\">Bienvenue dans ce merveilleux voyage avec moi. Un \u00e9pisode introspectif pour cl\u00f4turer en beaut\u00e9 l\u2019ann\u00e9e 2023.<\/span><\/p>\n<p><span style=\"font-family: helvetica, arial, sans-serif;\">On remonte le temps. On explore le chemin parcouru depuis le lancement de ce podcast il y a un an.<\/span><span style=\"font-family: helvetica, arial, sans-serif;\">C&rsquo;est plus qu&rsquo;une r\u00e9trospective, c&rsquo;est une plong\u00e9e dans nos \u00e9motions, nos d\u00e9couvertes, et les histoires puissantes que j\u2019ai tant aim\u00e9 partager.<\/span><\/p>\n<p><span style=\"font-family: helvetica, arial, sans-serif;\"><strong>Viens explorer avec moi la croissance personnelle \u00e0 travers le prisme de ta Chevelure<\/strong>. C\u00e9l\u00e8bre la Puissanc<\/span>e int\u00e9rieure en compagnie d\u2019invit\u00e9es inspirantes. Belle \u00e9coute \ud83d\ude09<\/p>\n<h1><span style=\"color: #008000;\"><strong><span style=\"font-family: helvetica, arial, sans-serif;\">#27 : Cheveux au naturel : La Cl\u00e9 surprenante de ta Confiance au travail<\/span><\/strong><\/span><\/h1>\n<p><span style=\"font-family: helvetica, arial, sans-serif;\">As-tu d\u00e9j\u00e0 ressenti cette h\u00e9sitation \u00e0 porter tes cheveux au naturel au travail ?<\/span><\/p>\n<div class=\"\" data-block=\"true\" data-editor=\"92j6b\" data-offset-key=\"fbufs-0-0\">\n<div class=\"public-DraftStyleDefault-block public-DraftStyleDefault-ltr\" data-offset-key=\"fbufs-0-0\"><span style=\"font-family: helvetica, arial, sans-serif;\" data-offset-key=\"fbufs-0-0\">Je parle d\u2019affirmer pleinement ton authenticit\u00e9 capillaire. C&rsquo;est ce malaise subtil que nous explorerons dans ce nouvel \u00e9pisode.\u00a0<\/span><\/div>\n<\/div>\n<div class=\"\" data-block=\"true\" data-editor=\"92j6b\" data-offset-key=\"aa6l2-0-0\">\n<div class=\"public-DraftStyleDefault-block public-DraftStyleDefault-ltr\" data-offset-key=\"aa6l2-0-0\"><span style=\"font-family: helvetica, arial, sans-serif;\" data-offset-key=\"aa6l2-0-0\">\u00a0<\/span><\/div>\n<\/div>\n<div class=\"\" data-block=\"true\" data-editor=\"92j6b\" data-offset-key=\"3egq8-0-0\">\n<div class=\"public-DraftStyleDefault-block public-DraftStyleDefault-ltr\" data-offset-key=\"3egq8-0-0\"><span style=\"font-family: helvetica, arial, sans-serif;\">Rejoins-moi pour d\u00e9cortiquer ensemble les raisons qui nous font douter de nos cheveux au travail et <strong>d\u00e9couvrir comment transformer cette diversit\u00e9 capillaire en une v\u00e9ritable source de puissance professionnelle<\/strong>.\u00a0 Belle \u00e9coute \ud83d\ude09<\/span><\/div>\n<div data-offset-key=\"3egq8-0-0\"><\/div>\n<\/div>\n<h1><span style=\"color: #008000; font-family: helvetica, arial, sans-serif;\"><strong>#26 bis : Sensualit\u00e9, hypersensibilit\u00e9 : Un Voyage vers la Beaut\u00e9 Int\u00e9rieure<\/strong><\/span><\/h1>\n<div class=\"\" data-block=\"true\" data-editor=\"6ovsn\" data-offset-key=\"e7vfh-0-0\">\n<div class=\"public-DraftStyleDefault-block public-DraftStyleDefault-ltr\" data-offset-key=\"e7vfh-0-0\"><span style=\"font-family: helvetica, arial, sans-serif;\" data-offset-key=\"e7vfh-0-0\"><strong>Pr\u00e9pare-toi \u00e0 \u00eatre inspir\u00e9e \u00e0 te reconnecter \u00e0 une partie essentielle de toi-m\u00eame : ta chevelure.<\/strong> \u00a0<\/span><\/div>\n<\/div>\n<div class=\"\" data-block=\"true\" data-editor=\"6ovsn\" data-offset-key=\"s4nq-0-0\">\n<div class=\"public-DraftStyleDefault-block public-DraftStyleDefault-ltr\" data-offset-key=\"s4nq-0-0\"><span style=\"font-family: helvetica, arial, sans-serif;\" data-offset-key=\"s4nq-0-0\">\u00a0<\/span><\/div>\n<\/div>\n<div class=\"\" data-block=\"true\" data-editor=\"6ovsn\" data-offset-key=\"4trf9-0-0\">\n<div class=\"public-DraftStyleDefault-block public-DraftStyleDefault-ltr\" data-offset-key=\"4trf9-0-0\">\n<p><span style=\"font-family: helvetica, arial, sans-serif;\">Rejoins-moi avec mon invit\u00e9e Dominique Bons, experte en hypersensibilit\u00e9 pour cette 2\u00e8me partie de notre discussion sur le bien-\u00eatre global et la sensualit\u00e9. Elle partage son parcours, comment elle a d\u00fb se r\u00e9inventer, se reconnecter \u00e0 sa f\u00e9minit\u00e9, pour ensuite guider d&rsquo;autres femmes sur ce chemin.\u00a0<\/span><span style=\"font-family: helvetica, arial, sans-serif;\" data-offset-key=\"5mrh0-0-0\"><br \/>\n<\/span><\/p>\n<div class=\"\" data-block=\"true\" data-editor=\"6ovsn\" data-offset-key=\"782f-0-0\">\n<div class=\"public-DraftStyleDefault-block public-DraftStyleDefault-ltr\" data-offset-key=\"782f-0-0\"><span style=\"font-family: helvetica, arial, sans-serif;\">Et l\u00e0, \u00e7a devient passionnant ! Belle \u00e9coute \ud83d\ude09<\/span><\/div>\n<div data-offset-key=\"782f-0-0\"><\/div>\n<h1 data-offset-key=\"782f-0-0\"><span style=\"color: #008000; font-family: helvetica, arial, sans-serif;\"><strong>#26 : Sensualit\u00e9, hypersensibilit\u00e9 : Un Voyage vers la Beaut\u00e9 Int\u00e9rieure<\/strong><\/span><\/h1>\n<\/div>\n<div data-offset-key=\"782f-0-0\">\n<div class=\"\" data-block=\"true\" data-editor=\"6ovsn\" data-offset-key=\"4trf9-0-0\">\n<div class=\"public-DraftStyleDefault-block public-DraftStyleDefault-ltr\" data-offset-key=\"4trf9-0-0\">\n<div class=\"\" data-block=\"true\" data-editor=\"6ovsn\" data-offset-key=\"782f-0-0\">\n<div class=\"public-DraftStyleDefault-block public-DraftStyleDefault-ltr\" data-offset-key=\"782f-0-0\">\n<div class=\"\" data-block=\"true\" data-editor=\"dnrv8\" data-offset-key=\"4u80-0-0\">\n<div class=\"public-DraftStyleDefault-block public-DraftStyleDefault-ltr\" data-offset-key=\"4u80-0-0\"><span style=\"font-family: helvetica, arial, sans-serif;\" data-offset-key=\"4u80-0-0\">J&rsquo;ai eu le plaisir d&rsquo;accueillir Dominique Bons, coach en hypersensibilit\u00e9. Une femme qui ose, qui inspire. <strong>Aujourd\u2019hui, Dominique tient \u00e0 partager son expertise de la sensualit\u00e9 et de l&rsquo;hypersensibilit\u00e9 des femmes.<\/strong> Une exp\u00e9rience qui va r\u00e9veiller tous tes sens.\u00a0<\/span><\/div>\n<\/div>\n<div class=\"\" data-block=\"true\" data-editor=\"dnrv8\" data-offset-key=\"7jk5-0-0\">\n<div class=\"public-DraftStyleDefault-block public-DraftStyleDefault-ltr\" data-offset-key=\"7jk5-0-0\"><span style=\"font-family: helvetica, arial, sans-serif;\" data-offset-key=\"7jk5-0-0\">\u00a0<\/span><\/div>\n<\/div>\n<div class=\"\" data-block=\"true\" data-editor=\"dnrv8\" data-offset-key=\"aelnl-0-0\">\n<div class=\"public-DraftStyleDefault-block public-DraftStyleDefault-ltr\" data-offset-key=\"aelnl-0-0\"><span style=\"font-family: helvetica, arial, sans-serif;\">Et surtout, reste jusqu&rsquo;\u00e0 la fin de l\u2019\u00e9pisode, car je te r\u00e9serve deux conseils capillaires qui vont pimenter ta vie sensuelle. Belle \u00e9coute \ud83d\ude09<\/span><\/div>\n<\/div>\n<\/div>\n<\/div>\n<\/div>\n<\/div>\n<\/div>\n<\/div>\n<\/div>\n<h1><span style=\"font-family: helvetica, arial, sans-serif; color: #008000;\"><strong>#25 : Comment Vanessa a lib\u00e9r\u00e9 sa Puissance Capillaire<\/strong><\/span><\/h1>\n<p><span style=\"font-family: helvetica, arial, sans-serif;\">Comment j&rsquo;ai aid\u00e9 Vanessa \u00e0 se lib\u00e9rer de la tyrannie des colorations et \u00e0 r\u00e9v\u00e9ler sa v\u00e9ritable puissance capillaire\u00a0? <\/span><\/p>\n<p><span style=\"font-family: helvetica, arial, sans-serif;\">D\u00e9couvre dans cet \u00e9pisode comment j\u2019ai su trouver les mots justes avec <strong>le bon programme capillaire holistique et l\u2019accompagnement sur-mesure pour lui permettre de r\u00e9v\u00e9ler la beaut\u00e9 naturelle de ses cheveux<\/strong>, ce qui l&rsquo;a aid\u00e9e \u00e0 d\u00e9velopper une confiance en elle et \u00e0 explorer de nouvelles facettes d&rsquo;elle-m\u00eame.<\/span><\/p>\n<p><span style=\"font-family: helvetica, arial, sans-serif;\">Vanessa nous raconte sa nouvelle vie capillaire : Sa Chevelure. Sa Puissance. Belle \u00e9coute \ud83d\ude09<\/span><\/p>\n<h1><span style=\"font-family: helvetica, arial, sans-serif; color: #008000;\"><strong>#24 bis : Cheveux et Bien-\u00catre Global Apr\u00e8s le Divorce (partie 2)<\/strong><\/span><\/h1>\n<div class=\"\" data-block=\"true\" data-editor=\"egvb4\" data-offset-key=\"b7lpm-0-0\">\n<div class=\"public-DraftStyleDefault-block public-DraftStyleDefault-ltr\" data-offset-key=\"b7lpm-0-0\"><span style=\"font-family: helvetica, arial, sans-serif;\" data-offset-key=\"b7lpm-0-0\">Dans cet \u00e9pisode, on continue de creuser l&rsquo;univers des cheveux et du bien-\u00eatre post-divorce. \u00a0<\/span><\/div>\n<\/div>\n<div class=\"\" data-block=\"true\" data-editor=\"egvb4\" data-offset-key=\"f0n3n-0-0\">\n<div class=\"public-DraftStyleDefault-block public-DraftStyleDefault-ltr\" data-offset-key=\"f0n3n-0-0\"><span style=\"font-family: helvetica, arial, sans-serif;\" data-offset-key=\"f0n3n-0-0\">M\u00eame si tu n\u2019es pas concern\u00e9e par le divorce, sache que ce je vais te partager te concerne en tous points et quels que soient tes projets et d\u00e9fis de vie.\u00a0<\/span><\/div>\n<\/div>\n<div class=\"\" data-block=\"true\" data-editor=\"egvb4\" data-offset-key=\"1mf60-0-0\">\n<div class=\"public-DraftStyleDefault-block public-DraftStyleDefault-ltr\" data-offset-key=\"1mf60-0-0\"><span style=\"font-family: helvetica, arial, sans-serif;\" data-offset-key=\"1mf60-0-0\">\u00a0<\/span><\/div>\n<\/div>\n<div class=\"\" data-block=\"true\" data-editor=\"egvb4\" data-offset-key=\"dt55g-0-0\">\n<div class=\"public-DraftStyleDefault-block public-DraftStyleDefault-ltr\" data-offset-key=\"dt55g-0-0\"><span style=\"font-family: helvetica, arial, sans-serif;\" data-offset-key=\"dt55g-0-0\">Avec mon invit\u00e9e Florence Cohen, sophrologue-analyste, <strong>on t&rsquo;aide \u00e0 explorer une toute nouvelle facette de toi-m\u00eame que tu n&rsquo;as peut-\u00eatre jamais envisag\u00e9e<\/strong>. Belle \u00e9coute \ud83d\ude09<\/span><\/div>\n<\/div>\n<h1><span style=\"color: #008000; font-family: helvetica, arial, sans-serif;\"><strong>#24 : Cheveux et Bien-\u00catre Global Apr\u00e8s le Divorce (partie 1)<\/strong><\/span><\/h1>\n<div class=\"\" data-block=\"true\" data-editor=\"2smut\" data-offset-key=\"em4m9-0-0\">\n<div class=\"public-DraftStyleDefault-block public-DraftStyleDefault-ltr\" data-offset-key=\"em4m9-0-0\"><span style=\"font-family: helvetica, arial, sans-serif;\" data-offset-key=\"em4m9-0-0\">Tu penses peut-\u00eatre que la s\u00e9paration d\u2019un couple, c&rsquo;est la fin d&rsquo;une \u00e9poque ?!<\/span><\/div>\n<\/div>\n<div class=\"\" data-block=\"true\" data-editor=\"2smut\" data-offset-key=\"8hb93-0-0\">\n<div class=\"public-DraftStyleDefault-block public-DraftStyleDefault-ltr\" data-offset-key=\"8hb93-0-0\"><span style=\"font-family: helvetica, arial, sans-serif;\" data-offset-key=\"8hb93-0-0\">Alors que c&rsquo;est le d\u00e9but d&rsquo;une toute nouvelle aventure, et \u00e7a commence par toi !!!<\/span><\/div>\n<\/div>\n<div class=\"\" data-block=\"true\" data-editor=\"2smut\" data-offset-key=\"8r7p1-0-0\">\n<div class=\"public-DraftStyleDefault-block public-DraftStyleDefault-ltr\" data-offset-key=\"8r7p1-0-0\"><span style=\"font-family: helvetica, arial, sans-serif;\" data-offset-key=\"8r7p1-0-0\">\u00a0<\/span><\/div>\n<\/div>\n<div class=\"\" data-block=\"true\" data-editor=\"2smut\" data-offset-key=\"1vtr0-0-0\">\n<div class=\"public-DraftStyleDefault-block public-DraftStyleDefault-ltr\" data-offset-key=\"1vtr0-0-0\"><span style=\"font-family: helvetica, arial, sans-serif;\" data-offset-key=\"1vtr0-0-0\">Dans cet \u00e9pisode, je t\u2019emm\u00e8ne dans <strong>l&rsquo;univers des cheveux et du bien-\u00eatre post-divorce<\/strong>, avec ma p\u00e9tillante invit\u00e9e Florence Cohen. Belle \u00e9coute \ud83d\ude09<br \/>\n<\/span><\/div>\n<\/div>\n<h1><span style=\"color: #008000; font-family: helvetica, arial, sans-serif;\"><strong>#23 : De la douleur \u00e0 l\u2019amour, une histoire de transformation et de lib\u00e9ration<\/strong><\/span><\/h1>\n<div class=\"\" data-block=\"true\" data-editor=\"5ovom\" data-offset-key=\"ernt4-0-0\">\n<div class=\"public-DraftStyleDefault-block public-DraftStyleDefault-ltr\" data-offset-key=\"ernt4-0-0\"><span style=\"font-family: helvetica, arial, sans-serif;\" data-offset-key=\"ernt4-0-0\">C\u2019est le moment de te d\u00e9voiler diff\u00e9rentes \u00e9tapes de ma vie. Et tu vas t&rsquo;y reconnaitre \u00e0 bien des \u00e9gards !\u00a0<\/span><\/div>\n<\/div>\n<div class=\"\" data-block=\"true\" data-editor=\"5ovom\" data-offset-key=\"e0sj7-0-0\">\n<div class=\"public-DraftStyleDefault-block public-DraftStyleDefault-ltr\" data-offset-key=\"e0sj7-0-0\"><span style=\"font-family: helvetica, arial, sans-serif;\" data-offset-key=\"e0sj7-0-0\">\u00a0\u00a0<\/span><\/div>\n<\/div>\n<div class=\"\" data-block=\"true\" data-editor=\"5ovom\" data-offset-key=\"5o0vs-0-0\">\n<div class=\"public-DraftStyleDefault-block public-DraftStyleDefault-ltr\" data-offset-key=\"5o0vs-0-0\"><span style=\"font-family: helvetica, arial, sans-serif;\" data-offset-key=\"5o0vs-0-0\">Car si aujourd&rsquo;hui je me sens pleinement \u00e9panouie en aidant les femmes \u00e0 reprendre le contr\u00f4le de leurs cheveux avec mon programme sur-mesure \u00ab\u00a0Atteins la chevelure naturelle de tes r\u00eaves\u00a0\u00bb, c\u2019est que <strong>ce voyage de vie m\u2019a profond\u00e9ment marqu\u00e9e. Il m\u2019a construite<\/strong>. Belle \u00e9coute \ud83d\ude09<\/span><\/div>\n<\/div>\n<h1><span style=\"font-family: helvetica, arial, sans-serif; font-size: 18pt; color: #008000;\"><strong>#22<\/strong><strong> : T\u00e9moignage de Dominique, son coaching capillaire sur-mesure<\/strong><\/span><\/h1>\n<p><span style=\"font-family: helvetica, arial, sans-serif;\"><strong>Avant de me rencontrer, la relation de Dominique avec ses cheveux \u00e9tait tr\u00e8s compliqu\u00e9e.<\/strong> Plusieurs shampooings par semaine, des tonnes de d\u00e9m\u00ealant pour tenter de discipliner ses cheveux fris\u00e9s et surtout des m\u00e8ches\/balayages, typiques des femmes de 60 ans qui ont du mal \u00e0 accepter leurs 1ers cheveux blancs.<\/span><\/p>\n<p><span style=\"font-family: helvetica, arial, sans-serif;\">Puis elle m\u2019a demand\u00e9 de l&rsquo;aide. Et wow, quelle transformation incroyable ! Belle \u00e9coute \ud83d\ude09<\/span><\/p>\n<p>&nbsp;<\/p>\n<h1><span style=\"font-family: helvetica, arial, sans-serif; font-size: 18pt; color: #008000;\"><strong>#21 Quoi ?! T&rsquo;as chang\u00e9 le nom du podcast !<\/strong><\/span><\/h1>\n<p><span style=\"font-family: helvetica, arial, sans-serif;\">D\u00e9couvre la transformation naturelle de mon podcast MY AFRO en \u00ab\u00a0Ma Chevelure. Ma Puissance.\u00a0\u00bb Dans cet \u00e9pisode, tu comprendras pourquoi ce changement est bien plus qu&rsquo;un simple nom. <strong>La chevelure, sous toutes ses textures\u00a0: boucl\u00e9e, fris\u00e9e, ondul\u00e9e, afro, lisse, color\u00e9e, naturelle\u2026 et la puissance personnelle prennent d\u00e9sormais tout leur sens<\/strong>.<\/span><\/p>\n<p><span style=\"font-family: helvetica, arial, sans-serif;\">Car le cheveu est seulement la pointe \u00e9merg\u00e9e de l\u2019iceberg. L\u2019\u00e9l\u00e9ment en surface qui cache en r\u00e9alit\u00e9, l\u2019ensemble beaucoup plus important dont il fait partie : la Puissance de vie ! Belle \u00e9coute \ud83d\ude09<\/span><\/p>\n<h1><span style=\"font-family: helvetica, arial, sans-serif; font-size: 18pt; color: #008000;\"><strong>#20 Pas le temps de faire des soins cheveux\u2026 Croyance ou bullshit\u00a0?!<\/strong><\/span><\/h1>\n<p><span style=\"font-family: helvetica, arial, sans-serif;\">Aujourd\u2019hui, je vais aborder un sujet qui revient sans cesse ! \u00ab\u00a0Mais je n&rsquo;ai pas le temps de faire des masques capillaires&#8230;\u00a0\u00bb <strong>Combien de fois ai-je entendu cette phrase, surtout de la part de femmes se plaignant de l&rsquo;\u00e9tat de leurs cheveux ?!<\/strong><\/span><\/p>\n<p><span style=\"font-family: helvetica, arial, sans-serif;\">Aujourd&rsquo;hui, mon invit\u00e9e sp\u00e9ciale prend la parole : Nathalie Billon, coach de vie pour les personnes qui veulent initier en profondeur de v\u00e9ritables changements dans leur vie. Attends-toi \u00e0 des r\u00e9v\u00e9lations \u00e9tonnantes ! Belle \u00e9coute \ud83d\ude09<\/span><\/p>\n<h1><span style=\"font-family: helvetica, arial, sans-serif; font-size: 18pt; color: #008000;\"><strong>#1<\/strong><strong>9 : T\u00e9moignage de Rayan, son coaching capillaire sur-mesure<\/strong><\/span><\/h1>\n<p><span style=\"font-family: helvetica, arial, sans-serif;\">Avant de me rencontrer, la relation de Rayan avec ses cheveux \u00e9tait un v\u00e9ritable cauchemar. <strong>Puis elle m\u2019a contact\u00e9 pour obtenir de l&rsquo;aide. Et wow, quelle transformation incroyable !<\/strong><\/span><\/p>\n<p><span style=\"font-family: helvetica, arial, sans-serif;\">Et si Chevelure naturelle de R\u00eave rimait avec la Femme que tu as toujours r\u00eav\u00e9 d\u2019\u00eatre ? Si lib\u00e9rer tes cheveux de la racine aux pointes, faisait aussi \u00e9merger la Femme que tu es profond\u00e9ment ? <strong>D\u00e9couvre comment transformer ta relation avec tes cheveux dans cet \u00e9pisode explosif de mon podcast !<\/strong> Belle \u00e9coute \ud83d\ude09<\/span><\/p>\n<h1><span style=\"font-family: helvetica, arial, sans-serif; font-size: 18pt; color: #008000;\"><strong>#18\u00a0: Les Cheveux et les V\u00eatements\u00a0: Retrouver la puissance de son identit\u00e9<\/strong><\/span><\/h1>\n<p><span style=\"font-family: helvetica, arial, sans-serif;\">Connais-tu le pouvoir de tes cheveux et tes v\u00eatements sur ta confiance en toi ?<\/span><\/p>\n<p><span style=\"font-family: helvetica, arial, sans-serif;\">Aujourd\u2019hui, nous explorons la puissance de l&rsquo;apparence vestimentaire avec Nathalie Billon, une coach de vie en qu\u00eate de sa propre identit\u00e9.<\/span><\/p>\n<p><span style=\"font-family: helvetica, arial, sans-serif;\">D\u2019\u00e9preuves de vie, en r\u00e9inventions de soi, Nathalie nous a partag\u00e9 son histoire inspirante et des id\u00e9es pr\u00e9cieuses pour renforcer notre confiance en soi.<\/span><\/p>\n<p><span style=\"font-family: helvetica, arial, sans-serif;\"><strong>Si tu veux d\u00e9couvrir comment tes cheveux et ton apparence peuvent \u00eatre une source de pouvoir dans ta croissance personnelle,<\/strong> ne manque pas cet \u00e9pisode ! Belle \u00e9coute \ud83d\ude09<\/span><\/p>\n<h1><span style=\"font-family: helvetica, arial, sans-serif; font-size: 18pt; color: #008000;\"><strong>#17\u00a0: De l&rsquo;obscurit\u00e9 \u00e0 la lumi\u00e8re : changer sa vie gr\u00e2ce \u00e0 l&rsquo;amour de ses cheveux<\/strong><\/span><\/h1>\n<p><span style=\"font-family: helvetica, arial, sans-serif;\">Tu cherches \u00e0 am\u00e9liorer la sant\u00e9 de tes cheveux, ta confiance et ton estime de soi ? Marre des vid\u00e9os et tutos cheveux qui te clouent \u00e0 ton \u00e9cran\u00a0?!<\/span><\/p>\n<p><span style=\"font-family: helvetica, arial, sans-serif;\">Dans cet \u00e9pisode inspirant, pr\u00e9pare-toi \u00e0 \u00eatre \u00e9tonn\u00e9e et \u00e0 d\u00e9couvrir que ce que tu cherches depuis des mois, des ann\u00e9es est juste l\u00e0\u00a0!<\/span><\/p>\n<p><span style=\"font-family: helvetica, arial, sans-serif;\"><strong>Je t\u2019offre des solutions pour t\u2019aider \u00e0 d\u00e9passer les doutes et les habitudes qui t\u2019emp\u00eachent d\u2019obtenir des r\u00e9sultants durables pour tes cheveux naturels<\/strong>. Belle \u00e9coute \ud83d\ude09<\/span><\/p>\n<h1><span style=\"font-family: helvetica, arial, sans-serif; font-size: 18pt; color: #008000;\"><strong>#16 : Les Cheveux et le Cycle f\u00e9minin : comment se reconnecter \u00e0 soi\u00a0<\/strong><\/span><\/h1>\n<p><span style=\"font-family: helvetica, arial, sans-serif;\">Des 1\u00e8res r\u00e8gles, jusqu&rsquo;\u00e0 la m\u00e9nopause et m\u00eame au-del\u00e0, tu te demandes comment tes hormones f\u00e9minines affectent la sant\u00e9 de tes cheveux ? Tu veux certainement comprendre cette relation fascinante pour mieux te conna\u00eetre toi-m\u00eame ?<\/span><\/p>\n<p><span style=\"font-family: helvetica, arial, sans-serif;\">Dans cet \u00e9pisode, j\u2019ai le plaisir d&rsquo;accueillir Fabienne Goddyn, experte de la fertilit\u00e9 et autrice de plusieurs ouvrages sur la sant\u00e9 f\u00e9minine.<\/span><\/p>\n<p><span style=\"font-family: helvetica, arial, sans-serif;\"><strong>Elle nous fait plonger dans la relation complexe entre nos hormones f\u00e9minines et nos cheveux, et d\u00e9couvrir comment maintenir des cheveux sains tout au long de notre vie de femme<\/strong>. Belle \u00e9coute \ud83d\ude09<\/span><\/p>\n<p>&nbsp;<\/p>\n<h1><span style=\"font-family: helvetica, arial, sans-serif; font-size: 18pt; color: #008000;\"><strong>#15 : Les Cheveux et l&rsquo;Estime de soi : Transforme tes \u00e9preuves en tremplin<\/strong><\/span><\/h1>\n<p><span style=\"font-family: helvetica, arial, sans-serif;\">Tu pensais tout savoir sur tes cheveux ?! Alors d\u00e9trompe-toi !<\/span><\/p>\n<p><span style=\"font-family: helvetica, arial, sans-serif;\"><strong>Sache que<\/strong> <strong>tes cheveux naturels en disent long sur ton \u00e9tat \u00e9motionnel et ta confiance en soi. <\/strong>Dans cet \u00e9pisode fascinant, tu d\u00e9couvriras comment ta chevelure r\u00e9v\u00e8le bien plus que ton style personnel !<\/span><\/p>\n<p><span style=\"font-family: helvetica, arial, sans-serif;\">Et avec mon invit\u00e9e Fabienne Goddyn, tu d\u00e9couvriras aussi comment tu peux transformer une \u00e9preuve de vie qui t\u2019a profond\u00e9ment d\u00e9stabilis\u00e9e en un tremplin pour te reconstruire et renforcer l\u2019estime de soi. Belle \u00e9coute \ud83d\ude09<\/span><\/p>\n<h1><span style=\"font-family: helvetica, arial, sans-serif; font-size: 18pt; color: #008000;\"><strong>#14\u00a0: S\u2019accepter pleinement au Naturel<\/strong><\/span><\/h1>\n<p><span style=\"font-family: helvetica, arial, sans-serif;\">Si tu es \u00e0 la recherche <strong>d&rsquo;une source d&rsquo;inspiration et d&rsquo;une marche \u00e0 suivre efficace pour apprendre \u00e0 aimer tes cheveux naturels et accepter pleinement ton identit\u00e9 capillaire,<\/strong> d\u00e9couvre ces deux histoires qui te marqueront \u00e0 jamais !<\/span><\/p>\n<p><span style=\"font-family: helvetica, arial, sans-serif;\">L&rsquo;une inspirante, l&rsquo;autre qui te fera r\u00e9fl\u00e9chir.<\/span><\/p>\n<p><span style=\"font-family: helvetica, arial, sans-serif;\">Ces deux histoires sont li\u00e9es \u00e0 la question de l&rsquo;acceptation de sa texture de cheveux naturelle. Je parle de tout ce qui peut t\u2019aider dans ton propre cheminement, quel que soient l\u2019\u00e9tat de ta chevelure et tes besoins actuellement. Belle \u00e9coute \ud83d\ude09<\/span><\/p>\n<div class=\"\" data-block=\"true\" data-editor=\"fuqc9\" data-offset-key=\"54mb9-0-0\">\n<h1><span style=\"font-family: helvetica, arial, sans-serif; font-size: 18pt; color: #008000;\"><strong>#13 : Le Bonheur, au-del\u00e0 des cheveux<\/strong><\/span><\/h1>\n<p><span style=\"font-family: helvetica, arial, sans-serif;\">Cet \u00e9pisode est inspirant en mati\u00e8re de cheminement des femmes dans leur vie.<\/span><\/p>\n<p><span style=\"font-family: helvetica, arial, sans-serif;\"><strong>Il \u00e9voque les diff\u00e9rentes phases par lesquelles nous pouvons passer, de l&rsquo;id\u00e9alisation du bonheur \u00e0 la r\u00e9alit\u00e9 douloureuse, en passant par la prise de conscience et la reconstruction. <\/strong>Cela peut s&rsquo;appliquer \u00e0 diff\u00e9rents aspects de nos vies, y compris notre relation avec nos cheveux afro, boucl\u00e9s, fris\u00e9s et lisses.<\/span><\/p>\n<p><span style=\"font-family: helvetica, arial, sans-serif;\">Si tu es \u00e0 la recherche d&rsquo;inspiration pour ton propre cheminement, je t\u2019invite \u00e0 \u00e9couter cet entretien avec mon invit\u00e9e Catherine Bombardier. Belle \u00e9coute \ud83d\ude09<\/span><\/p>\n<h1 data-offset-key=\"54mb9-0-0\"><span style=\"font-family: helvetica, arial, sans-serif; font-size: 18pt; color: #008000;\"><strong>#12 : Cheveux abim\u00e9s, le meilleur Process pour en finir<\/strong><\/span><\/h1>\n<div class=\"public-DraftStyleDefault-block public-DraftStyleDefault-ltr\" data-offset-key=\"54mb9-0-0\"><span style=\"font-family: helvetica, arial, sans-serif;\" data-offset-key=\"54mb9-0-0\">Trop longtemps tu restes bloqu\u00e9e sur des \u00ab fausses \u00bb croyances concernant la bonne fa\u00e7on d\u2019am\u00e9liorer la sant\u00e9 et l\u2019aspect de tes cheveux afro, boucl\u00e9s, fris\u00e9s et lisses.\u00a0<\/span><\/div>\n<\/div>\n<div class=\"\" data-block=\"true\" data-editor=\"fuqc9\" data-offset-key=\"3nlg3-0-0\">\n<div class=\"public-DraftStyleDefault-block public-DraftStyleDefault-ltr\" data-offset-key=\"3nlg3-0-0\"><span style=\"font-family: helvetica, arial, sans-serif;\" data-offset-key=\"3nlg3-0-0\">\u00a0<\/span><\/div>\n<\/div>\n<div class=\"\" data-block=\"true\" data-editor=\"fuqc9\" data-offset-key=\"9g1pl-0-0\">\n<div class=\"public-DraftStyleDefault-block public-DraftStyleDefault-ltr\" data-offset-key=\"9g1pl-0-0\"><span style=\"font-family: helvetica, arial, sans-serif;\" data-offset-key=\"9g1pl-0-0\">Et tu y restes des mois, des ann\u00e9es\u2026 tout regarder, tout essayer, tout acheter\u2026 <\/span><\/div>\n<div data-offset-key=\"9g1pl-0-0\">\n<div class=\"\" data-block=\"true\" data-editor=\"fuqc9\" data-offset-key=\"94hea-0-0\">\n<div class=\"public-DraftStyleDefault-block public-DraftStyleDefault-ltr\" data-offset-key=\"94hea-0-0\"><span style=\"font-family: helvetica, arial, sans-serif;\"><strong>Et si pour avoir des r\u00e9sultats durables et transformer tes cheveux, tu regardais au-del\u00e0 du cuir chevelu, longueurs et pointes justement ? \u00a0\u00a0<\/strong><\/span><\/div>\n<\/div>\n<div class=\"\" data-block=\"true\" data-editor=\"fuqc9\" data-offset-key=\"17q4t-0-0\">\n<div class=\"public-DraftStyleDefault-block public-DraftStyleDefault-ltr\" data-offset-key=\"17q4t-0-0\"><span style=\"font-family: helvetica, arial, sans-serif;\" data-offset-key=\"17q4t-0-0\">\u00a0<\/span><\/div>\n<\/div>\n<div class=\"\" data-block=\"true\" data-editor=\"fuqc9\" data-offset-key=\"ff9go-0-0\">\n<div class=\"public-DraftStyleDefault-block public-DraftStyleDefault-ltr\" data-offset-key=\"18oe3-0-0\">\n<p><span style=\"font-family: helvetica, arial, sans-serif;\" data-offset-key=\"18oe3-0-0\">Si pour une fois, tu abordais le probl\u00e8me autrement, par la bonne racine : le Mindset. <\/span><\/p>\n<div class=\"\" data-block=\"true\" data-editor=\"fuqc9\" data-offset-key=\"cb1ar-0-0\">\n<div class=\"public-DraftStyleDefault-block public-DraftStyleDefault-ltr\" data-offset-key=\"2j7qd-0-0\"><span style=\"font-family: helvetica, arial, sans-serif;\" data-offset-key=\"2j7qd-0-0\">Je t&rsquo;explique tout dans ce nouvel \u00e9pisode ! Belle \u00e9coute \ud83d\ude09\u00a0<\/span><\/div>\n<\/div>\n<\/div>\n<\/div>\n<\/div>\n<\/div>\n<h1><span style=\"font-family: helvetica, arial, sans-serif; font-size: 18pt; color: #008000;\"><strong>#11\u00a0: Technique capillaire dernier cri, ta meilleure ennemie<\/strong><\/span><\/h1>\n<p><span style=\"font-family: helvetica, arial, sans-serif;\">Est-ce que tu connais la technique du Bald Scalp ? C\u2019est la derni\u00e8re technique capillaire pour r\u00e9aliser une perruque en collant des extensions capillaires directement sur la t\u00eate de la cliente.<\/span><\/p>\n<p><span style=\"font-family: helvetica, arial, sans-serif;\">Ce qui se passe sous et sur le bonnet ? C\u2019est tout simplement le Tchernobyl du cheveu !<\/span><\/p>\n<p><span style=\"font-family: helvetica, arial, sans-serif;\">Mais comment sortir de cette spirale infernale des faux-cheveux ou des lissages et retrouver la confiance en soi au naturel ? <strong>Comment favoriser l\u2019acceptation de soi, d\u00e9velopper l\u2019amour de ses cheveux au naturel et le bien-\u00eatre dans sa vie ?<\/strong><\/span><\/p>\n<p><span style=\"font-family: helvetica, arial, sans-serif;\">Et surtout comment faire en confiance le dernier pas qui te s\u00e9pare de ton r\u00eave capillaire ? Les r\u00e9ponses-cl\u00e9s se trouvent dans ce nouvel \u00e9pisode ! Belle \u00e9coute \ud83d\ude09<\/span><\/p>\n<h1><span style=\"font-family: helvetica, arial, sans-serif; font-size: 18pt; color: #008000;\"><strong>#10 : Cheveux au naturel pour une Maman inspirante<\/strong><\/span><\/h1>\n<p><span style=\"font-family: helvetica, arial, sans-serif;\">Si tu es non afro-descendante, maman d\u2019une enfant afro ou m\u00e9tiss\u00e9e, souvent la sp\u00e9cificit\u00e9 des soins des cheveux textur\u00e9s t\u2019est totalement \u00e9trang\u00e8re. Et si tu es une maman afro, tu peux reproduire et transmettre inconsciemment les m\u00eames erreurs \u00e0 ta fille (mauvais traitements, non appr\u00e9ciation de ses cheveux\u2026).<\/span><\/p>\n<p><span style=\"font-family: helvetica, arial, sans-serif;\">Dans cet \u00e9pisode, tu vas d\u00e9couvrir<strong> comment transformer ta chevelure, te donner confiance sur ta capacit\u00e9 \u00e0 g\u00e9rer les cheveux de ta fille et partager avec elle des moments \u00ab cheveux \u00bb de qualit\u00e9<\/strong>. Belle \u00e9coute \ud83d\ude09<\/span><\/p>\n<h1><span style=\"font-family: helvetica, arial, sans-serif; font-size: 18pt; color: #008000;\"><strong>#9 : T\u00e9moignage de Linda, son coaching capillaire sur-mesure<\/strong><\/span><\/h1>\n<p><span style=\"font-family: helvetica, arial, sans-serif;\">Linda fait partie des clientes qui m\u2019ont d\u2019embl\u00e9e fait confiance, car elle a \u00e9t\u00e9 sensible \u00e0 ce travail holistique de d\u00e9veloppement personnel dont la cl\u00e9 d\u2019entr\u00e9e est nos cheveux.<\/span><\/p>\n<p><span style=\"font-family: helvetica, arial, sans-serif;\"><strong>Comment r\u00e9soudre une probl\u00e9matique de cheveux abim\u00e9s (alors qu\u2019on a essay\u00e9 des tas de trucs qui ne marchent pas) en explorant les leviers et les blocages de nos diff\u00e9rents projets de vie\u00a0?<\/strong><\/span><\/p>\n<p><span style=\"font-family: helvetica, arial, sans-serif;\">C\u2019est exactement ce que Linda a exp\u00e9riment\u00e9, avec les hauts et les bas inh\u00e9rents \u00e0 toute d\u00e9marche de changement. Nos s\u00e9ances ont \u00e9t\u00e9 parfois \u00ab\u00a0inconfortables\u00a0\u00bb pour elle\u00a0? Parfait, cela prouve qu\u2019elle a \u00e9t\u00e9 challeng\u00e9e et qu\u2019elle a \u00e9volu\u00e9\u00a0!<\/span><\/p>\n<p><span style=\"font-family: helvetica, arial, sans-serif;\">Linda a embarqu\u00e9 dans l\u2019aventure \u00ab du sur-mesure \u00bb de nos s\u00e9ances individuelles et elle nous partage les bienfaits qu\u2019elle en a retir\u00e9s. Belle \u00e9coute \ud83d\ude09<\/span><\/p>\n<h1><span style=\"font-family: helvetica, arial, sans-serif; font-size: 18pt; color: #008000;\"><strong>#8\u00a0: Professionnelle et on fleek avec tes cheveux au naturel<\/strong><\/span><\/h1>\n<p><span style=\"font-family: helvetica, arial, sans-serif;\">Capter l&rsquo;attention de son auditoire, charmer sans m\u00eame s&rsquo;en apercevoir, rassembler les autres autour de ses id\u00e9es\u2026 <strong>Et si tes cheveux au naturel te permettaient de booster ton charisme professionnel\u00a0?<\/strong><\/span><\/p>\n<p><span style=\"font-family: helvetica, arial, sans-serif;\">Oui il est temps de changer les choses et d\u2019aligner Professionnalisme et Authenticit\u00e9 capillaire ! Car m\u00eame dans le monde du travail, il est bon de mettre en avant ta personnalit\u00e9. D\u2019\u00eatre 100% toi-m\u00eame ! Et cela passe par des cheveux en meilleure sant\u00e9, vite coiff\u00e9s le matin et qui t&rsquo;offrent une formidable assurance et un charisme de dingue ! Belle \u00e9coute \ud83d\ude09<\/span><\/p>\n<h1><span style=\"font-family: helvetica, arial, sans-serif; font-size: 18pt; color: #008000;\"><strong>#7 : <\/strong><strong>Te sentir belle et s\u00e9duisante avec tes cheveux au naturel<\/strong><\/span><\/h1>\n<p><span style=\"font-family: helvetica, arial, sans-serif;\">Chercher \u00e0 plaire, \u00e0 charmer, \u00e0 d\u00e9clencher le d\u00e9sir\u2026 Et si tes cheveux au naturel te permettaient de booster ton potentiel de s\u00e9duction\u00a0?<\/span><\/p>\n<p><span style=\"font-family: helvetica, arial, sans-serif;\">\u00c7a commence par am\u00e9liorer la sant\u00e9 de tes cheveux car des cheveux sains, sont tout de suite plus beaux ! <strong>Et une femme heureuse avec ses cheveux, n\u2019est-elle pas encore plus belle ?<\/strong> <strong>Et l\u00e0 on ne parle pas de beaut\u00e9 physique, je parle d\u2019aura, de rayonnement. <\/strong>Tu sais, cette femme que les hommes regardent, que les autres femmes envient. Belle \u00e9coute \ud83d\ude09<\/span><\/p>\n<h1><span style=\"font-family: helvetica, arial, sans-serif;\"><span style=\"font-size: 18pt; color: #008000;\"><strong>#U<\/strong><\/span><strong><span style=\"font-size: 18pt; color: #008000;\">n \u00e9chec qui m\u2019a fait grandir (d\u00e9fi Janvoix)<\/span><br \/>\n<\/strong><\/span><\/h1>\n<p><span style=\"font-family: helvetica, arial, sans-serif;\"><strong>D\u00e9couvre comment je suis en train de transformer \u00ab un \u00e9chec \u00bb en une \u00ab belle opportunit\u00e9 \u00bb d\u2019\u00e9voluer.<\/strong> Car tu le sais peut-\u00eatre, j\u2019ai une fa\u00e7on bien particuli\u00e8re de r\u00e9soudre les probl\u00e8mes capillaires des femmes aux cheveux textur\u00e9s ou lisses.<\/span><\/p>\n<p><span style=\"font-family: helvetica, arial, sans-serif;\">Et si malgr\u00e9 les ann\u00e9es, le flot d\u2019informations, la myriade de produits capillaires de mieux en mieux formul\u00e9s, les mod\u00e8les et les personnalit\u00e9s inspirantes\u2026 tu n\u2019arrives pas \u00e0 trouver la solution pour atteindre la chevelure de tes r\u00eaves, cet \u00e9pisode va s\u00fbrement t\u2019int\u00e9resser ! Belle \u00e9coute\u00a0\ud83d\ude09<\/span><\/p>\n<h1><span style=\"font-family: helvetica, arial, sans-serif; font-size: 18pt; color: #008000;\"><strong>#6 : Comment r\u00e9ussir ton ann\u00e9e 2023\u2026 et b\u00e9n\u00e9ficier d\u2019une belle surprise capillaire !<\/strong><\/span><\/h1>\n<p><span style=\"font-family: helvetica, arial, sans-serif;\">On va voir comment r\u00e9ussir ton ann\u00e9e en 3 \u00e9tapes cl\u00e9s et surtout je vais t\u2019annoncer une surprise \u00e0 la fin de cet \u00e9pisode ! Et tes cheveux dans tout \u00e7a ?<\/span><\/p>\n<p><span style=\"font-family: helvetica, arial, sans-serif;\">Je t\u2019explique <strong>comment ils servent tous tes projets de vie t\u2019apportant l\u2019\u00e9nergie positive, celle qui te nourrit intens\u00e9ment et r\u00e9guli\u00e8rement.<\/strong> C\u2019est un peu comme \u00ab le carburant \u00bb n\u00e9cessaire \u00e0 ton v\u00e9hicule existentiel. Belle \u00e9coute \ud83d\ude09<\/span><\/p>\n<h1><span style=\"font-family: helvetica, arial, sans-serif; font-size: 18pt; color: #008000;\"><strong>#Oser suivre son intuition (d\u00e9fi Janvoix<\/strong>)<\/span><\/h1>\n<p><span style=\"font-family: helvetica, arial, sans-serif;\">D\u00e9couvre mon \u00e9pisode sans aucune prise de notes, sans filet ! Et oui je suis sortie de ma zone de confort, et j\u2019ai pris beaucoup de plaisir \u00e0 le faire \ud83d\ude09<\/span><\/p>\n<p><span style=\"font-family: helvetica, arial, sans-serif;\">Je te partage <strong>comment j\u2019ai suivi mon intuition, ce qui m\u2019a fait vibrer lorsque j\u2019ai d\u00e9but\u00e9 mon activit\u00e9 entrepreneuriale<\/strong>. La vie est faite de hasard\u2026 des hasards ? Pas vraiment ! Belle \u00e9coute\u00a0\ud83d\ude09<\/span><\/p>\n<h1><span style=\"font-family: helvetica, arial, sans-serif; font-size: 18pt; color: #008000;\"><strong>#U<\/strong><strong>ne citation inspirante<\/strong> <strong>(d\u00e9fi Janvoix)<\/strong><\/span><\/h1>\n<p><span style=\"font-family: helvetica, arial, sans-serif;\">D\u00e9couvre ma citation inspirante, celle qui te donnera l\u2019\u00e9nergie d\u2019une vie lib\u00e9r\u00e9e gr\u00e2ce \u00e0 tes cheveux. <strong>Bien s\u00fbr, je parle de cheveux mais cela concerne toutes sortes de projets. Dans ta vie amoureuse, dans ta carri\u00e8re professionnelle, dans ta vie sociale et familiale\u2026 dans tout\u00a0!<\/strong><\/span><\/p>\n<p><span style=\"font-family: helvetica, arial, sans-serif;\">Car il faut changer quelque chose pour que sa vie change. Et le changement, le vrai, est d\u2019abord en soi ! Belle \u00e9coute\u00a0\ud83d\ude09<\/span><\/p>\n<h1><span style=\"font-family: helvetica, arial, sans-serif;\"><strong><span style=\"font-size: 18pt; color: #008000;\">#Une r\u00e9solution pour 2023 (d\u00e9fi Janvoix)<\/span><br \/>\n<\/strong><\/span><\/h1>\n<p><span style=\"font-family: helvetica, arial, sans-serif;\">Cet \u00e9pisode est le 1er d\u2019une s\u00e9rie d\u2019\u00e9pisodes sp\u00e9cifiquement cr\u00e9\u00e9s en plus de mes \u00e9pisodes habituels. Chaque jour de janvier, une contrainte ou une th\u00e9matique est impos\u00e9e !<\/span><\/p>\n<p><span style=\"font-family: helvetica, arial, sans-serif;\">D\u00e9couvre donc <strong>ma r\u00e9solution 2023, celle qui sera pour moi, pour toi, pour nous, \u00ab l\u2019appel d\u2019une vie lib\u00e9r\u00e9e gr\u00e2ce \u00e0 nos cheveux naturels \u00bb.<\/strong> Belle \u00e9coute\u00a0\ud83d\ude09<\/span><\/p>\n<h1><span style=\"font-family: helvetica, arial, sans-serif; font-size: 18pt; color: #008000;\"><strong>#5 : Quand tu oses Aimer tes Cheveux naturels, soit tu gagnes, soit tu r\u00e9ussis !<\/strong><\/span><\/h1>\n<p><span style=\"font-family: helvetica, arial, sans-serif;\">Avant, le Retour au Naturel me faisait peur\u2026 Je ne voyais pas comment embrasser ce projet dans ma vie hyper remplie de Femme active, la quarantaine, Cadre et Maman de jumelles en bas \u00e2ge. Puis j\u2019ai d\u00e9pass\u00e9 mes peurs et mes doutes, et j\u2019ai gout\u00e9 au mot SACR\u00c9.<\/span><\/p>\n<p><span style=\"font-family: helvetica, arial, sans-serif;\">Je te partage comment les 5 lettres de ce mot t&rsquo;offrent <strong>ce magnifique \u00ab Parcours initiatique \u00bb vers tes Cheveux Naturels, avec tant de valeurs dans ta vie<\/strong>. Belle \u00e9coute \ud83d\ude09<\/span><\/p>\n<h1><span style=\"font-family: helvetica, arial, sans-serif; font-size: 18pt; color: #008000;\"><strong>#4 : Pourquoi et comment sortir de sa zone d\u2019(in)confort ?!<\/strong><\/span><\/h1>\n<p><span style=\"font-family: helvetica, arial, sans-serif;\">Qu\u2019ils s\u2019agissent de faux-cheveux, de bandeaux, de foulards\u2026 de nombreuses femmes utilisent ces solutions \u00ab cache mis\u00e8re \u00bb pour dissimuler leurs cheveux naturels abim\u00e9s. Autant de b\u00e9quilles qui deviennent des boulets dont elles voudraient bien se passer.<\/span><\/p>\n<p><span style=\"font-family: helvetica, arial, sans-serif;\">Et si toi aussi, tu veux sortir de ces zones d'(in)confort et que tu ne sais pas comment faire autrement\u2026 il te faudra un jour PRENDRE DES RISQUES !<\/span><\/p>\n<p><span style=\"font-family: helvetica, arial, sans-serif;\">Je partage comment<strong> je t\u2019aide \u00e0 maitriser facilement ces risques !\u00a0 <\/strong>Belle \u00e9coute \ud83d\ude09<\/span><\/p>\n<h1><span style=\"font-family: helvetica, arial, sans-serif; font-size: 18pt; color: #008000;\"><strong>#3 : Le plan d&rsquo;action in\u00e9dit qui t\u2019aide \u00e0 transformer ta Chevelure naturelle<\/strong><\/span><\/h1>\n<p><span style=\"font-family: helvetica, arial, sans-serif;\">Dans cet \u00e9pisode #3, je te partage <strong>le meilleur plan d\u2019actions pour arr\u00eater de perdre ton temps, ton argent et ton \u00e9nergie \u00e0 restaurer tes cheveux abim\u00e9s<\/strong>.<\/span><\/p>\n<p><span style=\"font-family: helvetica, arial, sans-serif;\">D\u00e9couvre le processus global pour en finir avec la s\u00e9cheresse, le manque de volume, ou de boucles\u2026 ou simplement retrouver une chevelure en bonne sant\u00e9, et d\u00e9bloquer ta pousse.<\/span><\/p>\n<p><span style=\"font-family: helvetica, arial, sans-serif;\">Et tu verras que gr\u00e2ce \u00e0 tes cheveux, la vie te fera b\u00e9n\u00e9ficier de bien plus, de ce que tu imaginais au d\u00e9part ! Belle \u00e9coute \ud83d\ude09<\/span><\/p>\n<h1><span style=\"font-family: helvetica, arial, sans-serif; font-size: 18pt; color: #008000;\"><strong>#2 : Les 4 cl\u00e9s pour devenir la Belle Femme Afro qui sommeille en toi<\/strong><\/span><\/h1>\n<p><span style=\"font-family: helvetica, arial, sans-serif;\">Dans cet \u00e9pisode, j\u2019ai \u00e0 c\u0153ur de partager la bonne m\u00e9thode pour te faire vivre la meilleure transformation capillaire.<\/span><\/p>\n<p><span style=\"font-family: helvetica, arial, sans-serif;\">Tu y d\u00e9couvres <strong>le processus de transformation de la Toi d\u2019Aujourd\u2019hui avec ses cheveux naturels abim\u00e9s, ou que tu n\u2019arrives pas \u00e0 g\u00e9rer, \u00e0 la Toi du Futur qui se sent pleinement \u00e9panouie avec ses cheveux au naturel.<\/strong><\/span><\/p>\n<p><span style=\"font-family: helvetica, arial, sans-serif;\">Mon but est de te redonner confiance en toi et en tes cheveux, ce qui aura un impact tr\u00e8s positif sur ton bien-\u00eatre, et donc dans tous tes domaines de vie. Belle \u00e9coute \ud83d\ude09<\/span><\/p>\n<h1><span style=\"font-family: helvetica, arial, sans-serif; font-size: 18pt; color: #008000;\"><strong>#1 : Pourquoi tu perds des ann\u00e9es \u00e0 chercher comment avoir de beaux cheveux ?!<\/strong><\/span><\/h1>\n<p><span style=\"font-family: helvetica, arial, sans-serif;\">Dans cet \u00e9pisode #1, je reviens sur ces solutions capillaires \u00ab toutes faites \u00bb que l\u2019on recherche d\u00e9sesp\u00e9r\u00e9ment pour sauver nos cheveux abim\u00e9s :<\/span><\/p>\n<p><span style=\"font-family: helvetica, arial, sans-serif;\">&#8211; toutes sortes de gammes capillaires, parfois hors de prix ;<\/span><br \/>\n<span style=\"font-family: helvetica, arial, sans-serif;\">&#8211; ces longues heures en salon de coiffure, dans l\u2019espoir d\u2019une coiffeuse qui ne martyrise pas nos cheveux ;<\/span><br \/>\n<span style=\"font-family: helvetica, arial, sans-serif;\">&#8211; ou ces \u00ab faux-cheveux \u00bb cens\u00e9s prot\u00e9ger notre chevelure mais qui ne nous aident pas tant que \u00e7a\u2026 au contraire !<\/span><\/p>\n<p><span style=\"font-family: helvetica, arial, sans-serif;\"><strong>Je te donne les cl\u00e9s pour te sortir de ces habitudes, qui sont de v\u00e9ritables impasses capillaires<\/strong>. Car elles te font perdre des mois, des ann\u00e9es\u2026 et beaucoup d\u2019argent aussi ! Belle \u00e9coute \ud83d\ude09<\/span><\/p>\n<h1><span style=\"font-family: helvetica, arial, sans-serif; font-size: 18pt; color: #008000;\"><strong>#0 : Pr\u00e9sentation du podcast MY AFRO Vers la Chevelure Naturelle de tes R\u00eaves<\/strong><\/span><\/h1>\n<p><span style=\"font-family: helvetica, arial, sans-serif;\">Bienvenue dans cet \u00e9pisode o\u00f9 je te pr\u00e9sente mon podcast qui traite <strong>la probl\u00e9matique du retour aux Cheveux naturels sous l&rsquo;angle du D\u00e9veloppement personnel, de l\u2019Empowerment et du Self-Love des Femmes Afro<\/strong>.<\/span><\/p>\n<p><span style=\"font-family: helvetica, arial, sans-serif;\">Je te partage pourquoi j\u2019\u00e9tais au fond du gouffre avec mes cheveux, et comment ma vie a RADICALEMENT chang\u00e9 \u00e0 43 ans !<\/span><\/p>\n<p><span style=\"font-family: helvetica, arial, sans-serif;\">De ce parcours initiatique, je te pr\u00e9sente ce que j\u2019ai \u00e0 c\u0153ur de transmettre \u00e0 travers ce podcast. Belle \u00e9coute \ud83d\ude09<\/span><\/p>\n<p><span style=\"font-family: helvetica, arial, sans-serif;\"><a href=\"https:\/\/caroleseguin.fr\/index.php\/masterclass-comment-reussir-a-obtenir-la-chevelure-naturelle-de-tes-reves\/\" target=\"_blank\" rel=\"noopener\">Retrouve-moi aussi sur ma Masterclass<\/a> \ud83d\ude09<\/span><\/p>\n<p style=\"text-align: center;\"><\/p>\n<p>&nbsp;<\/p>\n<p>&nbsp;<\/p>\n<p><img loading=\"lazy\" decoding=\"async\" class=\"alignnone wp-image-11\" src=\"http:\/\/caroleseguin.fr\/wp-content\/uploads\/2023\/09\/Capture-carole-257x300.png\" alt=\"\" width=\"121\" height=\"141\" srcset=\"https:\/\/caroleseguin.fr\/wp-content\/uploads\/2023\/09\/Capture-carole-257x300.png 257w, https:\/\/caroleseguin.fr\/wp-content\/uploads\/2023\/09\/Capture-carole.png 633w\" sizes=\"auto, (max-width: 121px) 100vw, 121px\" \/><\/p>\n<div id=\"page\" class=\"page container-fluid\">\n<div id=\"page_background_color\" class=\"row\">\n<div id=\"_bkla87r55\" class=\"content content--padding-extra-small content--padding-top-none\">\n<div>\n<div>\n<div class=\"container\">\n<div class=\"row\" data-component=\"grid\">\n<div class=\"col-md-4 column--padding-bottom-small\">\n<div class=\"js_kartra_component_holder\">\n<div data-component=\"headline\">\n<div class=\"kartra_headline kartra_headline--bright-yellow kartra_headline--open-sans-font kartra_headline--h6 kartra_headline--font-weight-regular kartra_headline--sm-text-center kartra_headline--margin-bottom-small\" aria-controls=\"cke_660\" aria-activedescendant=\"\" aria-autocomplete=\"list\" aria-expanded=\"false\">\n<p><span style=\"font-size: 10pt;\"><strong>Carole SEGUIN, coach capillaire certifi\u00e9e<\/strong><\/span><\/p>\n<\/div>\n<\/div>\n<div data-component=\"text\">\n<div class=\"kartra_text kartra_text--sm-text-center kartra_text--extra-small kartra_text--white kartra_text--open-sans-font kartra_text--font-weight-regular\" aria-controls=\"cke_82\" aria-activedescendant=\"\" aria-autocomplete=\"list\" aria-expanded=\"false\">\n<p><span style=\"font-size: 10pt;\">Je suis passionn\u00e9e par la beaut\u00e9, les bienfaits et la valorisation des cheveux naturels depuis 2013.<\/span><\/p>\n<p><span style=\"font-size: 10pt;\">Avec ma certification de Coach professionnelle, sp\u00e9cialiste de l&rsquo;Accompagnement au changement, mon intention est de rendre\u00a0<strong>chaque Femme irr\u00e9sistiblement belle et confiante avec sa Chevelure Haute Puissance !<\/strong><\/span><\/p>\n<p><span style=\"font-size: 10pt;\"><a href=\"http:\/\/www.linktr.ee\/caroleseguin?uuid=1f5d5714-fd22-403f-859a-ed95e8551175&amp;kref=daJVL5kyDgZa\" target=\"_parent\" rel=\"noopener\" data-frame-id=\"_bkla87r55\"><u>Retrouve mon Univers capillaire ICI<\/u><\/a><\/span><\/p>\n<\/div>\n<\/div>\n<\/div>\n<\/div>\n<\/div>\n<\/div>\n<\/div>\n<div class=\"kartra_element_bg kartra_element_bg--padding-top-special-medium kartra_element_bg--padding-bottom-tiny\" data-component=\"bundle\">\n<div class=\"background-item\" data-was-processed=\"true\"><span style=\"font-size: 10pt;\">Email : contact@my-afro.com<\/span><\/div>\n<div data-was-processed=\"true\"><\/div>\n<div data-was-processed=\"true\"><\/div>\n<div class=\"container\">\n<div class=\"row row--equal\" data-component=\"grid\">\n<div class=\"col-md-7 column--vertical-center\">\n<div class=\"kartra_link_wrapper kartra_link_wrapper--flex kartra_link_wrapper--align-left kartra_link_wrapper--sm-align-center kartra_link_wrapper--margin-bottom-small\" data-component=\"bundle\"><\/div>\n<\/div>\n<div class=\"col-md-5 column--vertical-center\">\n<div class=\"js_kartra_component_holder\">\n<div data-component=\"text\">\n<div class=\"kartra_text kartra_text--open-sans-font kartra_text--font-weight-regular kartra_text--dim-black kartra_text--text-right kartra_text--sm-text-center kartra_text--margin-bottom-special-medium\" aria-controls=\"cke_4924\" aria-activedescendant=\"\" aria-autocomplete=\"list\" aria-expanded=\"false\">\n<p><span style=\"font-size: 8pt;\">\u00a9 2024 &#8211; Tous droits r\u00e9serv\u00e9s par Carole SEGUIN &#8211; Coaching capillaire sur-mesure \u2013 N\u00b0 SIRET 880 316 088 00017<\/span><\/p>\n<\/div>\n<\/div>\n<\/div>\n<\/div>\n<\/div>\n<\/div>\n<\/div>\n<\/div>\n<\/div>\n<\/div>\n<\/div>\n","protected":false},"excerpt":{"rendered":"<p>#55 : Lib\u00e8re ta transformation capillaire : l&rsquo;exemple inspirant de J\u00e9r\u00e9my D\u00e9couvre l&rsquo;histoire inspirante de J\u00e9r\u00e9my, un homme qui a os\u00e9 d\u00e9fier les normes pour embrasser ses propres choix capillaires. Tu vas d\u00e9couvrir comment son exemple t&rsquo;invite \u00e0 embrasser tes \u00e9motions positives et \u00e0 r\u00e9inventer ta relation avec ta chevelure. Belle \u00e9coute \ud83d\ude09 #54 : &hellip; <\/p>\n<p class=\"link-more\"><a href=\"https:\/\/caroleseguin.fr\/index.php\/podcast-ma-chevelure-ma-puissance\/\" class=\"more-link\">Continuer la lecture<span class=\"screen-reader-text\"> de &laquo;&nbsp;Podcast Ma Chevelure. Ma Puissance&nbsp;&raquo;<\/span><\/a><\/p>\n","protected":false},"author":1,"featured_media":0,"parent":0,"menu_order":0,"comment_status":"closed","ping_status":"closed","template":"","meta":{"_seopress_robots_primary_cat":"","_seopress_titles_title":"Le podcast qui te m\u00e8ne \u00e0 ta vie r\u00eav\u00e9e gr\u00e2ce \u00e0 tes cheveux.","_seopress_titles_desc":"Reprends le contr\u00f4le de ta Chevelure. Amplifie ta Puissance de vie !","_seopress_robots_index":"","_uag_custom_page_level_css":"","footnotes":""},"class_list":["post-177","page","type-page","status-publish","hentry"],"uagb_featured_image_src":{"full":false,"thumbnail":false,"medium":false,"medium_large":false,"large":false,"1536x1536":false,"2048x2048":false,"twentyseventeen-featured-image":false,"twentyseventeen-thumbnail-avatar":false},"uagb_author_info":{"display_name":"admin4723","author_link":"https:\/\/caroleseguin.fr\/index.php\/author\/admin4723\/"},"uagb_comment_info":0,"uagb_excerpt":"#55 : Lib\u00e8re ta transformation capillaire : l&rsquo;exemple inspirant de J\u00e9r\u00e9my D\u00e9couvre l&rsquo;histoire inspirante de J\u00e9r\u00e9my, un homme qui a os\u00e9 d\u00e9fier les normes pour embrasser ses propres choix capillaires. Tu vas d\u00e9couvrir comment son exemple t&rsquo;invite \u00e0 embrasser tes \u00e9motions positives et \u00e0 r\u00e9inventer ta relation avec ta chevelure. Belle \u00e9coute \ud83d\ude09 #54 :\u2026","_links":{"self":[{"href":"https:\/\/caroleseguin.fr\/index.php\/wp-json\/wp\/v2\/pages\/177","targetHints":{"allow":["GET"]}}],"collection":[{"href":"https:\/\/caroleseguin.fr\/index.php\/wp-json\/wp\/v2\/pages"}],"about":[{"href":"https:\/\/caroleseguin.fr\/index.php\/wp-json\/wp\/v2\/types\/page"}],"author":[{"embeddable":true,"href":"https:\/\/caroleseguin.fr\/index.php\/wp-json\/wp\/v2\/users\/1"}],"replies":[{"embeddable":true,"href":"https:\/\/caroleseguin.fr\/index.php\/wp-json\/wp\/v2\/comments?post=177"}],"version-history":[{"count":61,"href":"https:\/\/caroleseguin.fr\/index.php\/wp-json\/wp\/v2\/pages\/177\/revisions"}],"predecessor-version":[{"id":356,"href":"https:\/\/caroleseguin.fr\/index.php\/wp-json\/wp\/v2\/pages\/177\/revisions\/356"}],"wp:attachment":[{"href":"https:\/\/caroleseguin.fr\/index.php\/wp-json\/wp\/v2\/media?parent=177"}],"curies":[{"name":"wp","href":"https:\/\/api.w.org\/{rel}","templated":true}]}}