{"id":224,"date":"2023-10-12T10:15:53","date_gmt":"2023-10-12T08:15:53","guid":{"rendered":"https:\/\/caroleseguin.fr\/?page_id=224"},"modified":"2024-02-20T16:49:24","modified_gmt":"2024-02-20T15:49:24","slug":"mes-clientes-temoignent","status":"publish","type":"page","link":"https:\/\/caroleseguin.fr\/index.php\/mes-clientes-temoignent\/","title":{"rendered":"Mes clientes t\u00e9moignent"},"content":{"rendered":"<div data-cke-filler-webkit=\"end\" data-cke-temp=\"1\">\n<h1><span style=\"color: #ff0000;\"><strong>Elles m\u2019ont fait confiance\u00a0<\/strong><strong>et s\u2019en f\u00e9licitent chaque jour !<\/strong><\/span><\/h1>\n<blockquote><p><img loading=\"lazy\" decoding=\"async\" class=\"alignnone wp-image-157\" src=\"http:\/\/caroleseguin.fr\/wp-content\/uploads\/2023\/10\/Temoignage-coaching-capillaire-caroline-225x300.jpg\" sizes=\"auto, (max-width: 138px) 100vw, 138px\" srcset=\"https:\/\/caroleseguin.fr\/wp-content\/uploads\/2023\/10\/Temoignage-coaching-capillaire-caroline-225x300.jpg 225w, https:\/\/caroleseguin.fr\/wp-content\/uploads\/2023\/10\/Temoignage-coaching-capillaire-caroline.jpg 661w\" alt=\"\" width=\"138\" height=\"184\" \/><\/p><\/blockquote>\n<p>\u00ab Avant de rencontrer Carole, je me d\u00e9battais comme je pouvais avec mes cheveux boucl\u00e9s.\u00a0<strong>Obtenir un<\/strong><strong>e belle cascade de boucles \u00e9tait mission impossible pour moi\u2026. Et j\u2019avais toujours cette apparence de frisottis caract\u00e9ristique des cheveux ultra-secs !!!<\/strong>\u00a0Et je ne trouvais pas \u00e7a tr\u00e8s beau franchement\u2026.<\/p>\n<p>Lors de notre 1<sup>\u00e8re<\/sup>\u00a0rencontre, Carole m\u2019a demand\u00e9 \u00ab quelle est ta routine capillaire ? \u00bb J\u2019ai compris que mon shampooing et mon apr\u00e8s-shampooing trop chimiques ne faisaient pas tant de bien que \u00e7a \u00e0 mes cheveux\u2026<\/p>\n<p><strong>Mais le pire \u00e9tait bien les raisons que je me donnais pour ne pas changer : \u00ab Ah non !!!! Je n\u2019ai pas le temps de faire des soins !!! Et puis quoi ? De l\u2019huile sur mes cheveux ??? Certaine<\/strong><strong>ment pas ! Ils vont \u00eatre beaucoup trop gras\u2026 \u00bb<\/strong><\/p>\n<p>Mais, Carole n\u2019est pas du genre \u00e0 vous laisser tomber ! Alors, avec force douceur et persuasion, elle a r\u00e9ussi \u00e0 me convaincre.\u00a0<strong>Au fur et \u00e0 mesure du programme, je voyais mes boucles se redessiner et d\u00e9sormais, elles conservent m\u00eame leur tenue. Dingue !!!!<\/strong><\/p>\n<p><strong>Aujourd\u2019hui, je suis fi\u00e8re de mes cheveux boucl\u00e9s<\/strong>\u00a0et je r\u00e9alise combien toutes ces fausses \u00ab\u00a0bonnes raisons \u00bb m\u2019ont effectivement bien emp\u00each\u00e9e de prendre soin d\u2019eux pendant toutes ces ann\u00e9es.<\/p>\n<p><strong>Merci Carole, reine de la routine capillaire et coach hors pair !!!\u00a0\u00bb<\/strong>\u00a0Caroline<\/p>\n<blockquote><p>&nbsp;<\/p><\/blockquote>\n<p><img loading=\"lazy\" decoding=\"async\" class=\"alignnone size-full wp-image-158\" src=\"http:\/\/caroleseguin.fr\/wp-content\/uploads\/2023\/10\/Capture-annick.png\" alt=\"\" width=\"128\" height=\"150\" \/><br \/>\n<strong>\u00ab\u00a0J<\/strong><strong>\u2019\u00e9<\/strong><strong>t<\/strong><strong>ai<\/strong><strong>s \u00e0\u00a0<\/strong><strong>la recherche d\u2019une solution pour la pousse de mes cheveux. Surtout au niveau des tempes.<\/strong>\u00a0J\u2019\u00e9tais insatisfaite et je les camouflais avec des foulards. J\u2019avais du mal \u00e0 trouver des coiffures adapt\u00e9es. J\u2019\u00e9prouvais une g\u00eane \u00e0 affronter l\u2019ext\u00e9rieur.<\/p>\n<p>Aujourd\u2019hui, j\u2019ai davantage d\u2019assurance dans ma vie. Je suis plus confiante avec mes cheveux. J\u2019appr\u00e9cie de plus en plus leur texture bien nourrie et hydrat\u00e9e. L\u2019aspect de mes tempes s\u2019am\u00e9liore petit \u00e0 petit.<\/p>\n<p>Aimer mes cheveux, m\u2019aimer moi-m\u00eame sont notamment les choses qui se sont d\u00e9bloqu\u00e9es en interne pour moi. Cela fait 2 mois que je n\u2019ai pas port\u00e9\u00a0mon foulard \u00e0 l\u2019ext\u00e9rieur. C\u2019est un grand changement pour moi.<\/p>\n<p>Merci pour \u00e7a Carole.\u00a0\u00bb\u00a0<strong>Annick<\/strong><\/p>\n<blockquote><p>&nbsp;<\/p>\n<p><cite><img loading=\"lazy\" decoding=\"async\" class=\"alignnone wp-image-159\" src=\"http:\/\/caroleseguin.fr\/wp-content\/uploads\/2023\/10\/Edwige2-225x300.jpg\" sizes=\"auto, (max-width: 145px) 100vw, 145px\" srcset=\"https:\/\/caroleseguin.fr\/wp-content\/uploads\/2023\/10\/Edwige2-225x300.jpg 225w, https:\/\/caroleseguin.fr\/wp-content\/uploads\/2023\/10\/Edwige2.jpg 768w\" alt=\"\" width=\"145\" height=\"193\" \/><br \/>\n<\/cite><\/p><\/blockquote>\n<\/div>\n<p><strong>\u00ab\u00a0Avant de rencontrer Carole, mes cheveux d\u00e9fris\u00e9s souffraient malgr\u00e9 le fait de d\u00e9penser jusqu\u2019\u00e0 70 euros chaque mois en salon de coiffure<\/strong>. Je n\u2019avais aucun contr\u00f4le sur mes cheveux.<\/p>\n<p>C\u2019est d\u2019abord avec une grande curiosit\u00e9, n\u00e9anmoins m\u00eal\u00e9e de craintes, que je me suis rapproch\u00e9e de Carole car faire appel au coaching, c\u2019est accepter de corriger ce qui ne va pas, et se d\u00e9faire d\u2019habitudes bien ancr\u00e9es dans son style de vie.<\/p>\n<p>En quelques semaines, j\u2019ai red\u00e9couvert la texture de mes cheveux, je les trouve beaux. M\u00eame ces repousses qui me faisaient autrefois courir chez la coiffeuse sont \u00e0 pr\u00e9sent souples et maniables au toucher.<\/p>\n<p>En quelques jours seulement, j\u2019ai vu les progr\u00e8s attendus, qui ont m\u00eame \u00e9t\u00e9 constat\u00e9s par mon compagnon. Cheveux plus brillants, plus vigoureux.<\/p>\n<p>Le changement se sent, se voit et a des r\u00e9percussions sur mon bien-\u00eatre : le temps consacr\u00e9 au soin est devenu pr\u00e9cieux. Du temps \u00e0 soi, du temps pour soi. Et, d\u00e9sormais, je ne m\u2019en passerai plus. De quoi \u00eatre plus sereine !<\/p>\n<p>Je recommande vivement. Merci Carole.\u00a0\u00bb Edwige<\/p>\n<p>&nbsp;<\/p>\n<blockquote><p><img loading=\"lazy\" decoding=\"async\" class=\"alignnone size-full wp-image-160\" src=\"http:\/\/caroleseguin.fr\/wp-content\/uploads\/2023\/10\/Capture-sarah.png\" alt=\"\" width=\"137\" height=\"150\" \/><\/p><\/blockquote>\n<p>\u00a0\u00bb Mon t\u00e9moignage \u00e0 ma coach d\u00e9vou\u00e9e et pleine de sagesse capillaire.<br \/>\nParisienne 47 ans, cadre, en famille monoparentale\u2026 j\u2019ai un profil classique de\u00a0<strong>femme ne disposant pas de beaucoup de temps et n\u2019ayant pas pr\u00eat\u00e9 l\u2019attention n\u00e9cessaire \u00e0 sa chevelure.<\/strong><\/p>\n<p>Artificiellement blonde et fumeuse\u2026 bilan : Verdun du cheveu ! Gras en racine et secs aux pointes et sans volume\u2026<\/p>\n<p>Carole m\u2019a propos\u00e9 de m\u2019aider avec\u00a0<strong>un coaching totalement personnalis\u00e9 et m\u2019engageant au changement dans mes habitudes capillaires<\/strong>.<\/p>\n<p>Fini donc les ingr\u00e9dients on\u00e9reux, chimiques et \u00e0 effet contre-productif. Place \u00e0 l\u2019action individuelle avec<strong>\u00a0un programme sur-mesure que nous avons suivi ensemble<\/strong>.<\/p>\n<p>Nous avons \u00e9chang\u00e9 semaine apr\u00e8s semaine. \u00c9crits, voix et photos afin de mesurer l\u2019avanc\u00e9e et surtout\u00a0<strong>adapter ma routine \u00e0 la r\u00e9action de mes cheveux.<\/strong>\u00a0Apr\u00e8s le coaching, je ne peux qu\u2019attester du changement :\u00a0<strong>mes cheveux sont plus volumineux, mieux nourris aux pointes et leur aspect s\u2019est grandement am\u00e9lior\u00e9.<\/strong><\/p>\n<p>Si le changement est n\u00e9cessaire, il est compatible avec le quotidien. Alors \u00e0 vous de faire le reste !\u00a0\u00bb Sarah<\/p>\n<p style=\"text-align: center;\"><a class=\"maxbutton-4 maxbutton maxbutton-j-embarque-dans-mon-coaching-sur-mesure\" target=\"_blank\" rel=\"noopener\" href=\"https:\/\/caroleseguin.kartra.com\/page\/offrescoaching\"><span class='mb-text'>J&#039;embarque dans mon coaching sur-mesure !<\/span><\/a><\/p>\n<h1><a href=\"https:\/\/my-afro.com\/?page_id=2437\" target=\"_blank\" rel=\"noopener\"><span style=\"font-size: 12pt;\">D\u2019autres t\u00e9moignages et photos avant\/apr\u00e8s ICI<\/span><\/a><\/h1>\n<p>&nbsp;<\/p>\n<p><img loading=\"lazy\" decoding=\"async\" class=\"alignnone wp-image-11\" src=\"http:\/\/caroleseguin.fr\/wp-content\/uploads\/2023\/09\/Capture-carole-257x300.png\" sizes=\"auto, (max-width: 121px) 100vw, 121px\" srcset=\"https:\/\/caroleseguin.fr\/wp-content\/uploads\/2023\/09\/Capture-carole-257x300.png 257w, https:\/\/caroleseguin.fr\/wp-content\/uploads\/2023\/09\/Capture-carole.png 633w\" alt=\"\" width=\"121\" height=\"141\" \/><\/p>\n<div id=\"page\" class=\"page container-fluid\">\n<div id=\"page_background_color\" class=\"row\">\n<div id=\"_bkla87r55\" class=\"content content--padding-extra-small content--padding-top-none\">\n<div>\n<div>\n<div class=\"container\">\n<div class=\"row\" data-component=\"grid\">\n<div class=\"col-md-4 column--padding-bottom-small\">\n<div class=\"js_kartra_component_holder\">\n<div data-component=\"headline\">\n<div class=\"kartra_headline kartra_headline--bright-yellow kartra_headline--open-sans-font kartra_headline--h6 kartra_headline--font-weight-regular kartra_headline--sm-text-center kartra_headline--margin-bottom-small\" aria-controls=\"cke_660\" aria-activedescendant=\"\" aria-autocomplete=\"list\" aria-expanded=\"false\">\n<p><span style=\"font-size: 10pt;\"><strong>Carole SEGUIN, coach capillaire certifi\u00e9e<\/strong><\/span><\/p>\n<\/div>\n<\/div>\n<div data-component=\"text\">\n<div class=\"kartra_text kartra_text--sm-text-center kartra_text--extra-small kartra_text--white kartra_text--open-sans-font kartra_text--font-weight-regular\" aria-controls=\"cke_82\" aria-activedescendant=\"\" aria-autocomplete=\"list\" aria-expanded=\"false\">\n<p><span style=\"font-size: 10pt;\">Je suis passionn\u00e9e par la beaut\u00e9, les bienfaits et la valorisation des cheveux naturels depuis 2013.<\/span><\/p>\n<p><span style=\"font-size: 10pt;\">Avec ma certification de Coach professionnelle, sp\u00e9cialiste de l\u2019Accompagnement au changement, mon intention est de rendre\u00a0<strong>chaque Femme irr\u00e9sistiblement belle et confiante avec sa Chevelure Haute Puissance !<\/strong><\/span><\/p>\n<p><span style=\"font-size: 10pt;\"><a href=\"http:\/\/www.linktr.ee\/caroleseguin?uuid=1f5d5714-fd22-403f-859a-ed95e8551175&amp;kref=daJVL5kyDgZa\" target=\"_parent\" rel=\"noopener\" data-frame-id=\"_bkla87r55\"><u>Retrouve mon Univers capillaire ICI<\/u><\/a><\/span><\/p>\n<\/div>\n<\/div>\n<\/div>\n<\/div>\n<\/div>\n<\/div>\n<\/div>\n<div class=\"kartra_element_bg kartra_element_bg--padding-top-special-medium kartra_element_bg--padding-bottom-tiny\" data-component=\"bundle\">\n<div class=\"background-item\" data-was-processed=\"true\"><span style=\"font-size: 10pt;\">Email : contact@my-afro.com<\/span><\/div>\n<div data-was-processed=\"true\"><\/div>\n<div data-was-processed=\"true\"><\/div>\n<div class=\"container\">\n<div class=\"row row--equal\" data-component=\"grid\">\n<div class=\"col-md-7 column--vertical-center\">\n<div class=\"kartra_link_wrapper kartra_link_wrapper--flex kartra_link_wrapper--align-left kartra_link_wrapper--sm-align-center kartra_link_wrapper--margin-bottom-small\" data-component=\"bundle\"><\/div>\n<\/div>\n<div class=\"col-md-5 column--vertical-center\">\n<div class=\"js_kartra_component_holder\">\n<div data-component=\"text\">\n<div class=\"kartra_text kartra_text--open-sans-font kartra_text--font-weight-regular kartra_text--dim-black kartra_text--text-right kartra_text--sm-text-center kartra_text--margin-bottom-special-medium\" aria-controls=\"cke_4924\" aria-activedescendant=\"\" aria-autocomplete=\"list\" aria-expanded=\"false\">\n<p><span style=\"font-size: 8pt;\">\u00a9 2024 \u2013 Tous droits r\u00e9serv\u00e9s par Carole SEGUIN \u2013 Coaching capillaire sur-mesure \u2013 N\u00b0 SIRET 880 316 088 00017<\/span><\/p>\n<\/div>\n<\/div>\n<\/div>\n<\/div>\n<\/div>\n<\/div>\n<\/div>\n<\/div>\n<\/div>\n<\/div>\n<\/div>\n","protected":false},"excerpt":{"rendered":"<p>Elles m\u2019ont fait confiance\u00a0et s\u2019en f\u00e9licitent chaque jour ! \u00ab Avant de rencontrer Carole, je me d\u00e9battais comme je pouvais avec mes cheveux boucl\u00e9s.\u00a0Obtenir une belle cascade de boucles \u00e9tait mission impossible pour moi\u2026. Et j\u2019avais toujours cette apparence de frisottis caract\u00e9ristique des cheveux ultra-secs !!!\u00a0Et je ne trouvais pas \u00e7a tr\u00e8s beau franchement\u2026. Lors &hellip; <\/p>\n<p class=\"link-more\"><a href=\"https:\/\/caroleseguin.fr\/index.php\/mes-clientes-temoignent\/\" class=\"more-link\">Continuer la lecture<span class=\"screen-reader-text\"> de &laquo;&nbsp;Mes clientes t\u00e9moignent&nbsp;&raquo;<\/span><\/a><\/p>\n","protected":false},"author":1,"featured_media":0,"parent":0,"menu_order":0,"comment_status":"closed","ping_status":"closed","template":"","meta":{"_seopress_robots_primary_cat":"","_seopress_titles_title":"","_seopress_titles_desc":"","_seopress_robots_index":"","_uag_custom_page_level_css":"","footnotes":""},"class_list":["post-224","page","type-page","status-publish","hentry"],"uagb_featured_image_src":{"full":false,"thumbnail":false,"medium":false,"medium_large":false,"large":false,"1536x1536":false,"2048x2048":false,"twentyseventeen-featured-image":false,"twentyseventeen-thumbnail-avatar":false},"uagb_author_info":{"display_name":"admin4723","author_link":"https:\/\/caroleseguin.fr\/index.php\/author\/admin4723\/"},"uagb_comment_info":0,"uagb_excerpt":"Elles m\u2019ont fait confiance\u00a0et s\u2019en f\u00e9licitent chaque jour ! \u00ab Avant de rencontrer Carole, je me d\u00e9battais comme je pouvais avec mes cheveux boucl\u00e9s.\u00a0Obtenir une belle cascade de boucles \u00e9tait mission impossible pour moi\u2026. Et j\u2019avais toujours cette apparence de frisottis caract\u00e9ristique des cheveux ultra-secs !!!\u00a0Et je ne trouvais pas \u00e7a tr\u00e8s beau franchement\u2026. Lors\u2026","_links":{"self":[{"href":"https:\/\/caroleseguin.fr\/index.php\/wp-json\/wp\/v2\/pages\/224","targetHints":{"allow":["GET"]}}],"collection":[{"href":"https:\/\/caroleseguin.fr\/index.php\/wp-json\/wp\/v2\/pages"}],"about":[{"href":"https:\/\/caroleseguin.fr\/index.php\/wp-json\/wp\/v2\/types\/page"}],"author":[{"embeddable":true,"href":"https:\/\/caroleseguin.fr\/index.php\/wp-json\/wp\/v2\/users\/1"}],"replies":[{"embeddable":true,"href":"https:\/\/caroleseguin.fr\/index.php\/wp-json\/wp\/v2\/comments?post=224"}],"version-history":[{"count":2,"href":"https:\/\/caroleseguin.fr\/index.php\/wp-json\/wp\/v2\/pages\/224\/revisions"}],"predecessor-version":[{"id":277,"href":"https:\/\/caroleseguin.fr\/index.php\/wp-json\/wp\/v2\/pages\/224\/revisions\/277"}],"wp:attachment":[{"href":"https:\/\/caroleseguin.fr\/index.php\/wp-json\/wp\/v2\/media?parent=224"}],"curies":[{"name":"wp","href":"https:\/\/api.w.org\/{rel}","templated":true}]}}